{"version":"1.0","provider_name":"La Fabbrica del Panforte","provider_url":"https:\/\/lafabbricadelpanforte.sviluppo.host\/de\/","author_name":"abbeypac","author_url":"https:\/\/lafabbricadelpanforte.sviluppo.host\/de\/author\/abbeypac\/","title":"Weiche Mandel-Amaretti - La Fabbrica del Panforte","type":"rich","width":600,"height":338,"html":"<blockquote class=\"wp-embedded-content\" data-secret=\"0jdZOZFwq5\"><a href=\"https:\/\/lafabbricadelpanforte.sviluppo.host\/de\/prodotto\/weiche-mandel-amaretti\/\">Weiche Mandel-Amaretti<\/a><\/blockquote><iframe sandbox=\"allow-scripts\" security=\"restricted\" src=\"https:\/\/lafabbricadelpanforte.sviluppo.host\/de\/prodotto\/weiche-mandel-amaretti\/embed\/#?secret=0jdZOZFwq5\" width=\"600\" height=\"338\" title=\"&#8222;Weiche Mandel-Amaretti&#8220; &#8211; La Fabbrica del Panforte\" data-secret=\"0jdZOZFwq5\" frameborder=\"0\" marginwidth=\"0\" marginheight=\"0\" scrolling=\"no\" class=\"wp-embedded-content\"><\/iframe><script>\n\/*! This file is auto-generated *\/\n!function(d,l){\"use strict\";l.querySelector&&d.addEventListener&&\"undefined\"!=typeof URL&&(d.wp=d.wp||{},d.wp.receiveEmbedMessage||(d.wp.receiveEmbedMessage=function(e){var t=e.data;if((t||t.secret||t.message||t.value)&&!\/[^a-zA-Z0-9]\/.test(t.secret)){for(var s,r,n,a=l.querySelectorAll('iframe[data-secret=\"'+t.secret+'\"]'),o=l.querySelectorAll('blockquote[data-secret=\"'+t.secret+'\"]'),c=new RegExp(\"^https?:$\",\"i\"),i=0;i<o.length;i++)o[i].style.display=\"none\";for(i=0;i<a.length;i++)s=a[i],e.source===s.contentWindow&&(s.removeAttribute(\"style\"),\"height\"===t.message?(1e3<(r=parseInt(t.value,10))?r=1e3:~~r<200&&(r=200),s.height=r):\"link\"===t.message&&(r=new URL(s.getAttribute(\"src\")),n=new URL(t.value),c.test(n.protocol))&&n.host===r.host&&l.activeElement===s&&(d.top.location.href=t.value))}},d.addEventListener(\"message\",d.wp.receiveEmbedMessage,!1),l.addEventListener(\"DOMContentLoaded\",function(){for(var e,t,s=l.querySelectorAll(\"iframe.wp-embedded-content\"),r=0;r<s.length;r++)(t=(e=s[r]).getAttribute(\"data-secret\"))||(t=Math.random().toString(36).substring(2,12),e.src+=\"#?secret=\"+t,e.setAttribute(\"data-secret\",t)),e.contentWindow.postMessage({message:\"ready\",secret:t},\"*\")},!1)))}(window,document);\n\/\/# sourceURL=https:\/\/lafabbricadelpanforte.sviluppo.host\/wp-includes\/js\/wp-embed.min.js\n<\/script>\n","thumbnail_url":"https:\/\/lafabbricadelpanforte.sviluppo.host\/wp-content\/uploads\/2023\/07\/Amaretti-mandorla.jpg","thumbnail_width":1000,"thumbnail_height":655,"description":"Entdecken oder genie\u00dfen Sie erneut die glutenfreien Mandel-Amaretti: luftige K\u00f6stlichkeiten, die in handwerklicher Herstellung aus Rohstoffen von h\u00f6chster Qualit\u00e4t entstehen, allen voran s\u00fc\u00dfe und bittere Mandeln italienischer Herkunft \u2013 weich, aromatisch und reich an \u00e4therischen \u00d6len, die ihren charakteristischen Duft ausmachen. Der Geschmack ist intensiver als der des \u201eRicciarelli di Siena IGP\u201c. Da dieses Produkt glutenfrei ist, wird es auch von Menschen mit Glutenunvertr\u00e4glichkeit und Z\u00f6liakie gesch\u00e4tzt."}