{"id":4656,"date":"2026-06-06T14:07:24","date_gmt":"2026-06-06T14:07:24","guid":{"rendered":"https:\/\/lafabbricadelpanforte.sviluppo.host\/prodotto\/panforte-i-g-p-nero\/"},"modified":"2026-08-27T10:39:57","modified_gmt":"2026-08-27T10:39:57","slug":"panforte-i-g-p-nero","status":"publish","type":"product","link":"https:\/\/lafabbricadelpanforte.sviluppo.host\/de\/prodotto\/panforte-i-g-p-nero\/","title":{"rendered":"Panforte I.G.P. Schwarz"},"content":{"rendered":"<p>Entdecken Sie oder entdecken Sie erneut den Geschmack einer S\u00fc\u00dfspeise, deren Urspr\u00fcnge bis ins Mittelalter zur\u00fcckreichen: Der \u201ePanforte Siena IGP Nero\u201c, auch \u201ePanpepato\u201c genannt, ist in der Tat eine der \u00e4ltesten traditionellen S\u00fc\u00dfspeisen aus Siena. Der bekannte, kr\u00e4ftige Geschmack des schwarzen Panforte ist auf die Mischung aus intensiv schmeckenden Gew\u00fcrzen zur\u00fcckzuf\u00fchren, wie beispielsweise Muskatnuss, Nelken und Nelkenpfeffer. Die Packungsgr\u00f6\u00dfen von 100 g, 250 g und 450 g werden gem\u00e4\u00df der sienesischen Konditortradition von Hand verpackt. Die 500-g-Packung ist eine dickere Scheibe in einer durchsichtigen Verpackung.    <\/p>\n","protected":false},"excerpt":{"rendered":"<p>Entdecken oder wiederentdecken Sie den Geschmack einer S\u00fc\u00dfspeise, deren Urspr\u00fcnge bis ins Mittelalter zur\u00fcckreichen: Der \u201ePanforte Siena IGP Nero\u201c, auch \u201ePanpepato\u201c genannt, ist in der Tat eine der \u00e4ltesten traditionellen S\u00fc\u00dfspeisen aus Siena. Der bekannte, kr\u00e4ftige Geschmack des schwarzen Panforte ist auf die Mischung aus intensiv schmeckenden Gew\u00fcrzen zur\u00fcckzuf\u00fchren, wie beispielsweise Muskatnuss, Nelken und Nelkenpfeffer. Die Packungsgr\u00f6\u00dfen von 100 g, 250 g und 450 g werden gem\u00e4\u00df der sienesischen Konditortradition von Hand verpackt. Die 500-g-Packung ist eine dickere Scheibe in einer durchsichtigen Verpackung.    <\/p>\n","protected":false},"featured_media":4515,"template":"","meta":{"_acf_changed":false},"product_brand":[],"product_cat":[172,169],"product_tag":[173,178,170],"class_list":["post-4656","product","type-product","status-publish","has-post-thumbnail","product_cat-g-g-a","product_cat-panforte","product_tag-g-g-a","product_tag-lebkuchen","product_tag-traditionelle-susspeisen-aus-siena","first","instock","taxable","shipping-taxable","purchasable","product-type-variable"],"acf":[],"yoast_head":"<!-- This site is optimized with the Yoast SEO plugin v28.0 - https:\/\/yoast.com\/product\/yoast-seo-wordpress\/ -->\n<title>Panforte I.G.P. Schwarz - La Fabbrica del Panforte<\/title>\n<meta name=\"robots\" content=\"index, follow, max-snippet:-1, max-image-preview:large, max-video-preview:-1\" \/>\n<link rel=\"canonical\" href=\"https:\/\/lafabbricadelpanforte.sviluppo.host\/de\/prodotto\/panforte-i-g-p-nero\/\" \/>\n<meta property=\"og:locale\" content=\"de_DE\" \/>\n<meta property=\"og:type\" content=\"article\" \/>\n<meta property=\"og:title\" content=\"Panforte I.G.P. Schwarz - La Fabbrica del Panforte\" \/>\n<meta property=\"og:description\" content=\"Entdecken oder wiederentdecken Sie den Geschmack einer S\u00fc\u00dfspeise, deren Urspr\u00fcnge bis ins Mittelalter zur\u00fcckreichen: Der \u201ePanforte Siena IGP Nero\u201c, auch \u201ePanpepato\u201c genannt, ist in der Tat eine der \u00e4ltesten traditionellen S\u00fc\u00dfspeisen aus Siena. Der bekannte, kr\u00e4ftige Geschmack des schwarzen Panforte ist auf die Mischung aus intensiv schmeckenden Gew\u00fcrzen zur\u00fcckzuf\u00fchren, wie beispielsweise Muskatnuss, Nelken und Nelkenpfeffer. Die Packungsgr\u00f6\u00dfen von 100 g, 250 g und 450 g werden gem\u00e4\u00df der sienesischen Konditortradition von Hand verpackt. Die 500-g-Packung ist eine dickere Scheibe in einer durchsichtigen Verpackung.\" \/>\n<meta property=\"og:url\" content=\"https:\/\/lafabbricadelpanforte.sviluppo.host\/de\/prodotto\/panforte-i-g-p-nero\/\" \/>\n<meta property=\"og:site_name\" content=\"La Fabbrica del Panforte\" \/>\n<meta property=\"article:modified_time\" content=\"2026-08-27T10:39:57+00:00\" \/>\n<meta property=\"og:image\" content=\"https:\/\/lafabbricadelpanforte.sviluppo.host\/wp-content\/uploads\/2026\/06\/Panforte-Nero.jpg\" \/>\n\t<meta property=\"og:image:width\" content=\"2400\" \/>\n\t<meta property=\"og:image:height\" content=\"1600\" \/>\n\t<meta property=\"og:image:type\" content=\"image\/jpeg\" \/>\n<meta name=\"twitter:card\" content=\"summary_large_image\" \/>\n<script type=\"application\/ld+json\" class=\"yoast-schema-graph\">{\"@context\":\"https:\\\/\\\/schema.org\",\"@graph\":[{\"@type\":\"WebPage\",\"@id\":\"https:\\\/\\\/lafabbricadelpanforte.sviluppo.host\\\/de\\\/prodotto\\\/panforte-i-g-p-nero\\\/\",\"url\":\"https:\\\/\\\/lafabbricadelpanforte.sviluppo.host\\\/de\\\/prodotto\\\/panforte-i-g-p-nero\\\/\",\"name\":\"Panforte I.G.P. Schwarz - La Fabbrica del Panforte\",\"isPartOf\":{\"@id\":\"https:\\\/\\\/lafabbricadelpanforte.sviluppo.host\\\/de\\\/#website\"},\"primaryImageOfPage\":{\"@id\":\"https:\\\/\\\/lafabbricadelpanforte.sviluppo.host\\\/de\\\/prodotto\\\/panforte-i-g-p-nero\\\/#primaryimage\"},\"image\":{\"@id\":\"https:\\\/\\\/lafabbricadelpanforte.sviluppo.host\\\/de\\\/prodotto\\\/panforte-i-g-p-nero\\\/#primaryimage\"},\"thumbnailUrl\":\"https:\\\/\\\/lafabbricadelpanforte.sviluppo.host\\\/wp-content\\\/uploads\\\/2026\\\/06\\\/Panforte-Nero.jpg\",\"datePublished\":\"2026-06-06T14:07:24+00:00\",\"dateModified\":\"2026-08-27T10:39:57+00:00\",\"breadcrumb\":{\"@id\":\"https:\\\/\\\/lafabbricadelpanforte.sviluppo.host\\\/de\\\/prodotto\\\/panforte-i-g-p-nero\\\/#breadcrumb\"},\"inLanguage\":\"de\",\"potentialAction\":[{\"@type\":\"ReadAction\",\"target\":[\"https:\\\/\\\/lafabbricadelpanforte.sviluppo.host\\\/de\\\/prodotto\\\/panforte-i-g-p-nero\\\/\"]}]},{\"@type\":\"ImageObject\",\"inLanguage\":\"de\",\"@id\":\"https:\\\/\\\/lafabbricadelpanforte.sviluppo.host\\\/de\\\/prodotto\\\/panforte-i-g-p-nero\\\/#primaryimage\",\"url\":\"https:\\\/\\\/lafabbricadelpanforte.sviluppo.host\\\/wp-content\\\/uploads\\\/2026\\\/06\\\/Panforte-Nero.jpg\",\"contentUrl\":\"https:\\\/\\\/lafabbricadelpanforte.sviluppo.host\\\/wp-content\\\/uploads\\\/2026\\\/06\\\/Panforte-Nero.jpg\",\"width\":2400,\"height\":1600},{\"@type\":\"BreadcrumbList\",\"@id\":\"https:\\\/\\\/lafabbricadelpanforte.sviluppo.host\\\/de\\\/prodotto\\\/panforte-i-g-p-nero\\\/#breadcrumb\",\"itemListElement\":[{\"@type\":\"ListItem\",\"position\":1,\"name\":\"Home\",\"item\":\"https:\\\/\\\/lafabbricadelpanforte.sviluppo.host\\\/de\\\/die-panforte-manufaktur\\\/\"},{\"@type\":\"ListItem\",\"position\":2,\"name\":\"Shop\",\"item\":\"https:\\\/\\\/lafabbricadelpanforte.sviluppo.host\\\/de\\\/shop\\\/\"},{\"@type\":\"ListItem\",\"position\":3,\"name\":\"Panforte I.G.P. Schwarz\"}]},{\"@type\":\"WebSite\",\"@id\":\"https:\\\/\\\/lafabbricadelpanforte.sviluppo.host\\\/de\\\/#website\",\"url\":\"https:\\\/\\\/lafabbricadelpanforte.sviluppo.host\\\/de\\\/\",\"name\":\"La Fabbrica del Panforte\",\"description\":\"Dolci tipici senesi\",\"publisher\":{\"@id\":\"https:\\\/\\\/lafabbricadelpanforte.sviluppo.host\\\/de\\\/#organization\"},\"potentialAction\":[{\"@type\":\"SearchAction\",\"target\":{\"@type\":\"EntryPoint\",\"urlTemplate\":\"https:\\\/\\\/lafabbricadelpanforte.sviluppo.host\\\/de\\\/?s={search_term_string}\"},\"query-input\":{\"@type\":\"PropertyValueSpecification\",\"valueRequired\":true,\"valueName\":\"search_term_string\"}}],\"inLanguage\":\"de\"},{\"@type\":\"Organization\",\"@id\":\"https:\\\/\\\/lafabbricadelpanforte.sviluppo.host\\\/de\\\/#organization\",\"name\":\"La Fabbrica del Panforte\",\"url\":\"https:\\\/\\\/lafabbricadelpanforte.sviluppo.host\\\/de\\\/\",\"logo\":{\"@type\":\"ImageObject\",\"inLanguage\":\"de\",\"@id\":\"https:\\\/\\\/lafabbricadelpanforte.sviluppo.host\\\/de\\\/#\\\/schema\\\/logo\\\/image\\\/\",\"url\":\"https:\\\/\\\/lafabbricadelpanforte.sviluppo.host\\\/wp-content\\\/uploads\\\/2026\\\/06\\\/logo_laFabbricadelPanforte.webp\",\"contentUrl\":\"https:\\\/\\\/lafabbricadelpanforte.sviluppo.host\\\/wp-content\\\/uploads\\\/2026\\\/06\\\/logo_laFabbricadelPanforte.webp\",\"width\":2560,\"height\":1949,\"caption\":\"La Fabbrica del Panforte\"},\"image\":{\"@id\":\"https:\\\/\\\/lafabbricadelpanforte.sviluppo.host\\\/de\\\/#\\\/schema\\\/logo\\\/image\\\/\"}}]}<\/script>\n<!-- \/ Yoast SEO plugin. -->","yoast_head_json":{"title":"Panforte I.G.P. Schwarz - La Fabbrica del Panforte","robots":{"index":"index","follow":"follow","max-snippet":"max-snippet:-1","max-image-preview":"max-image-preview:large","max-video-preview":"max-video-preview:-1"},"canonical":"https:\/\/lafabbricadelpanforte.sviluppo.host\/de\/prodotto\/panforte-i-g-p-nero\/","og_locale":"de_DE","og_type":"article","og_title":"Panforte I.G.P. Schwarz - La Fabbrica del Panforte","og_description":"Entdecken oder wiederentdecken Sie den Geschmack einer S\u00fc\u00dfspeise, deren Urspr\u00fcnge bis ins Mittelalter zur\u00fcckreichen: Der \u201ePanforte Siena IGP Nero\u201c, auch \u201ePanpepato\u201c genannt, ist in der Tat eine der \u00e4ltesten traditionellen S\u00fc\u00dfspeisen aus Siena. Der bekannte, kr\u00e4ftige Geschmack des schwarzen Panforte ist auf die Mischung aus intensiv schmeckenden Gew\u00fcrzen zur\u00fcckzuf\u00fchren, wie beispielsweise Muskatnuss, Nelken und Nelkenpfeffer. Die Packungsgr\u00f6\u00dfen von 100 g, 250 g und 450 g werden gem\u00e4\u00df der sienesischen Konditortradition von Hand verpackt. Die 500-g-Packung ist eine dickere Scheibe in einer durchsichtigen Verpackung.","og_url":"https:\/\/lafabbricadelpanforte.sviluppo.host\/de\/prodotto\/panforte-i-g-p-nero\/","og_site_name":"La Fabbrica del Panforte","article_modified_time":"2026-08-27T10:39:57+00:00","og_image":[{"width":2400,"height":1600,"url":"https:\/\/lafabbricadelpanforte.sviluppo.host\/wp-content\/uploads\/2026\/06\/Panforte-Nero.jpg","type":"image\/jpeg"}],"twitter_card":"summary_large_image","schema":{"@context":"https:\/\/schema.org","@graph":[{"@type":"WebPage","@id":"https:\/\/lafabbricadelpanforte.sviluppo.host\/de\/prodotto\/panforte-i-g-p-nero\/","url":"https:\/\/lafabbricadelpanforte.sviluppo.host\/de\/prodotto\/panforte-i-g-p-nero\/","name":"Panforte I.G.P. Schwarz - La Fabbrica del Panforte","isPartOf":{"@id":"https:\/\/lafabbricadelpanforte.sviluppo.host\/de\/#website"},"primaryImageOfPage":{"@id":"https:\/\/lafabbricadelpanforte.sviluppo.host\/de\/prodotto\/panforte-i-g-p-nero\/#primaryimage"},"image":{"@id":"https:\/\/lafabbricadelpanforte.sviluppo.host\/de\/prodotto\/panforte-i-g-p-nero\/#primaryimage"},"thumbnailUrl":"https:\/\/lafabbricadelpanforte.sviluppo.host\/wp-content\/uploads\/2026\/06\/Panforte-Nero.jpg","datePublished":"2026-06-06T14:07:24+00:00","dateModified":"2026-08-27T10:39:57+00:00","breadcrumb":{"@id":"https:\/\/lafabbricadelpanforte.sviluppo.host\/de\/prodotto\/panforte-i-g-p-nero\/#breadcrumb"},"inLanguage":"de","potentialAction":[{"@type":"ReadAction","target":["https:\/\/lafabbricadelpanforte.sviluppo.host\/de\/prodotto\/panforte-i-g-p-nero\/"]}]},{"@type":"ImageObject","inLanguage":"de","@id":"https:\/\/lafabbricadelpanforte.sviluppo.host\/de\/prodotto\/panforte-i-g-p-nero\/#primaryimage","url":"https:\/\/lafabbricadelpanforte.sviluppo.host\/wp-content\/uploads\/2026\/06\/Panforte-Nero.jpg","contentUrl":"https:\/\/lafabbricadelpanforte.sviluppo.host\/wp-content\/uploads\/2026\/06\/Panforte-Nero.jpg","width":2400,"height":1600},{"@type":"BreadcrumbList","@id":"https:\/\/lafabbricadelpanforte.sviluppo.host\/de\/prodotto\/panforte-i-g-p-nero\/#breadcrumb","itemListElement":[{"@type":"ListItem","position":1,"name":"Home","item":"https:\/\/lafabbricadelpanforte.sviluppo.host\/de\/die-panforte-manufaktur\/"},{"@type":"ListItem","position":2,"name":"Shop","item":"https:\/\/lafabbricadelpanforte.sviluppo.host\/de\/shop\/"},{"@type":"ListItem","position":3,"name":"Panforte I.G.P. Schwarz"}]},{"@type":"WebSite","@id":"https:\/\/lafabbricadelpanforte.sviluppo.host\/de\/#website","url":"https:\/\/lafabbricadelpanforte.sviluppo.host\/de\/","name":"La Fabbrica del Panforte","description":"Dolci tipici senesi","publisher":{"@id":"https:\/\/lafabbricadelpanforte.sviluppo.host\/de\/#organization"},"potentialAction":[{"@type":"SearchAction","target":{"@type":"EntryPoint","urlTemplate":"https:\/\/lafabbricadelpanforte.sviluppo.host\/de\/?s={search_term_string}"},"query-input":{"@type":"PropertyValueSpecification","valueRequired":true,"valueName":"search_term_string"}}],"inLanguage":"de"},{"@type":"Organization","@id":"https:\/\/lafabbricadelpanforte.sviluppo.host\/de\/#organization","name":"La Fabbrica del Panforte","url":"https:\/\/lafabbricadelpanforte.sviluppo.host\/de\/","logo":{"@type":"ImageObject","inLanguage":"de","@id":"https:\/\/lafabbricadelpanforte.sviluppo.host\/de\/#\/schema\/logo\/image\/","url":"https:\/\/lafabbricadelpanforte.sviluppo.host\/wp-content\/uploads\/2026\/06\/logo_laFabbricadelPanforte.webp","contentUrl":"https:\/\/lafabbricadelpanforte.sviluppo.host\/wp-content\/uploads\/2026\/06\/logo_laFabbricadelPanforte.webp","width":2560,"height":1949,"caption":"La Fabbrica del Panforte"},"image":{"@id":"https:\/\/lafabbricadelpanforte.sviluppo.host\/de\/#\/schema\/logo\/image\/"}}]}},"_links":{"self":[{"href":"https:\/\/lafabbricadelpanforte.sviluppo.host\/de\/wp-json\/wp\/v2\/product\/4656","targetHints":{"allow":["GET"]}}],"collection":[{"href":"https:\/\/lafabbricadelpanforte.sviluppo.host\/de\/wp-json\/wp\/v2\/product"}],"about":[{"href":"https:\/\/lafabbricadelpanforte.sviluppo.host\/de\/wp-json\/wp\/v2\/types\/product"}],"version-history":[{"count":1,"href":"https:\/\/lafabbricadelpanforte.sviluppo.host\/de\/wp-json\/wp\/v2\/product\/4656\/revisions"}],"predecessor-version":[{"id":4944,"href":"https:\/\/lafabbricadelpanforte.sviluppo.host\/de\/wp-json\/wp\/v2\/product\/4656\/revisions\/4944"}],"wp:featuredmedia":[{"embeddable":true,"href":"https:\/\/lafabbricadelpanforte.sviluppo.host\/de\/wp-json\/wp\/v2\/media\/4515"}],"wp:attachment":[{"href":"https:\/\/lafabbricadelpanforte.sviluppo.host\/de\/wp-json\/wp\/v2\/media?parent=4656"}],"wp:term":[{"taxonomy":"product_brand","embeddable":true,"href":"https:\/\/lafabbricadelpanforte.sviluppo.host\/de\/wp-json\/wp\/v2\/product_brand?post=4656"},{"taxonomy":"product_cat","embeddable":true,"href":"https:\/\/lafabbricadelpanforte.sviluppo.host\/de\/wp-json\/wp\/v2\/product_cat?post=4656"},{"taxonomy":"product_tag","embeddable":true,"href":"https:\/\/lafabbricadelpanforte.sviluppo.host\/de\/wp-json\/wp\/v2\/product_tag?post=4656"}],"curies":[{"name":"wp","href":"https:\/\/api.w.org\/{rel}","templated":true}]}}