{"id":4869,"date":"2020-09-01T14:39:08","date_gmt":"2020-09-01T12:39:08","guid":{"rendered":"https:\/\/lafabbricadelpanforte.sviluppo.host\/prodotto\/weiche-amaretti-mit-kaffeegeschmack\/"},"modified":"2026-08-27T10:45:26","modified_gmt":"2026-08-27T10:45:26","slug":"weiche-amaretti-mit-kaffeegeschmack","status":"publish","type":"product","link":"https:\/\/lafabbricadelpanforte.sviluppo.host\/de\/prodotto\/weiche-amaretti-mit-kaffeegeschmack\/","title":{"rendered":"Weiche Amaretti mit Kaffeegeschmack"},"content":{"rendered":"<p>Entdecken Sie oder genie\u00dfen Sie erneut die glutenfreien Amaretti mit Kaffeegeschmack: luftige K\u00f6stlichkeiten, die in handwerklicher Herstellung aus Rohstoffen von h\u00f6chster Qualit\u00e4t entstehen. Allen voran Mandeln aus Italien. Da dieses Produkt glutenfrei ist, wird es auch von Menschen mit einer Glutenunvertr\u00e4glichkeit und Z\u00f6liakie gesch\u00e4tzt.  <\/p>\n","protected":false},"excerpt":{"rendered":"<p>Entdecken Sie oder genie\u00dfen Sie erneut die glutenfreien Amaretti mit Kaffeegeschmack: luftige K\u00f6stlichkeiten, die in handwerklicher Herstellung aus Rohstoffen von h\u00f6chster Qualit\u00e4t entstehen. Allen voran Mandeln aus Italien. Da dieses Produkt glutenfrei ist, wird es auch von Menschen mit Glutenunvertr\u00e4glichkeit und Z\u00f6liakie gesch\u00e4tzt.  <\/p>\n","protected":false},"featured_media":4685,"template":"","meta":{"_acf_changed":false},"product_brand":[],"product_cat":[196,182],"product_tag":[197,198],"class_list":["post-4869","product","type-product","status-publish","has-post-thumbnail","product_cat-die-amaretti","product_cat-glutenfrei","product_tag-die-kostlichkeiten-der-panforte-manufaktur","product_tag-glutenfrei-2","first","instock","taxable","shipping-taxable","purchasable","product-type-simple"],"acf":[],"yoast_head":"<!-- This site is optimized with the Yoast SEO plugin v28.0 - https:\/\/yoast.com\/product\/yoast-seo-wordpress\/ -->\n<title>Weiche Amaretti mit Kaffeegeschmack - La Fabbrica del Panforte<\/title>\n<meta name=\"robots\" content=\"index, follow, max-snippet:-1, max-image-preview:large, max-video-preview:-1\" \/>\n<link rel=\"canonical\" href=\"https:\/\/lafabbricadelpanforte.sviluppo.host\/de\/prodotto\/weiche-amaretti-mit-kaffeegeschmack\/\" \/>\n<meta property=\"og:locale\" content=\"de_DE\" \/>\n<meta property=\"og:type\" content=\"article\" \/>\n<meta property=\"og:title\" content=\"Weiche Amaretti mit Kaffeegeschmack - La Fabbrica del Panforte\" \/>\n<meta property=\"og:description\" content=\"Entdecken Sie oder genie\u00dfen Sie erneut die glutenfreien Amaretti mit Kaffeegeschmack: luftige K\u00f6stlichkeiten, die in handwerklicher Herstellung aus Rohstoffen von h\u00f6chster Qualit\u00e4t entstehen. Allen voran Mandeln aus Italien. Da dieses Produkt glutenfrei ist, wird es auch von Menschen mit Glutenunvertr\u00e4glichkeit und Z\u00f6liakie gesch\u00e4tzt.\" \/>\n<meta property=\"og:url\" content=\"https:\/\/lafabbricadelpanforte.sviluppo.host\/de\/prodotto\/weiche-amaretti-mit-kaffeegeschmack\/\" \/>\n<meta property=\"og:site_name\" content=\"La Fabbrica del Panforte\" \/>\n<meta property=\"article:modified_time\" content=\"2026-08-27T10:45:26+00:00\" \/>\n<meta property=\"og:image\" content=\"https:\/\/lafabbricadelpanforte.sviluppo.host\/wp-content\/uploads\/2023\/07\/Amaretti-caffe.jpg\" \/>\n\t<meta property=\"og:image:width\" content=\"1000\" \/>\n\t<meta property=\"og:image:height\" content=\"655\" \/>\n\t<meta property=\"og:image:type\" content=\"image\/jpeg\" \/>\n<meta name=\"twitter:card\" content=\"summary_large_image\" \/>\n<script type=\"application\/ld+json\" class=\"yoast-schema-graph\">{\"@context\":\"https:\\\/\\\/schema.org\",\"@graph\":[{\"@type\":\"WebPage\",\"@id\":\"https:\\\/\\\/lafabbricadelpanforte.sviluppo.host\\\/de\\\/prodotto\\\/weiche-amaretti-mit-kaffeegeschmack\\\/\",\"url\":\"https:\\\/\\\/lafabbricadelpanforte.sviluppo.host\\\/de\\\/prodotto\\\/weiche-amaretti-mit-kaffeegeschmack\\\/\",\"name\":\"Weiche Amaretti mit Kaffeegeschmack - La Fabbrica del Panforte\",\"isPartOf\":{\"@id\":\"https:\\\/\\\/lafabbricadelpanforte.sviluppo.host\\\/de\\\/#website\"},\"primaryImageOfPage\":{\"@id\":\"https:\\\/\\\/lafabbricadelpanforte.sviluppo.host\\\/de\\\/prodotto\\\/weiche-amaretti-mit-kaffeegeschmack\\\/#primaryimage\"},\"image\":{\"@id\":\"https:\\\/\\\/lafabbricadelpanforte.sviluppo.host\\\/de\\\/prodotto\\\/weiche-amaretti-mit-kaffeegeschmack\\\/#primaryimage\"},\"thumbnailUrl\":\"https:\\\/\\\/lafabbricadelpanforte.sviluppo.host\\\/wp-content\\\/uploads\\\/2023\\\/07\\\/Amaretti-caffe.jpg\",\"datePublished\":\"2020-09-01T12:39:08+00:00\",\"dateModified\":\"2026-08-27T10:45:26+00:00\",\"breadcrumb\":{\"@id\":\"https:\\\/\\\/lafabbricadelpanforte.sviluppo.host\\\/de\\\/prodotto\\\/weiche-amaretti-mit-kaffeegeschmack\\\/#breadcrumb\"},\"inLanguage\":\"de\",\"potentialAction\":[{\"@type\":\"ReadAction\",\"target\":[\"https:\\\/\\\/lafabbricadelpanforte.sviluppo.host\\\/de\\\/prodotto\\\/weiche-amaretti-mit-kaffeegeschmack\\\/\"]}]},{\"@type\":\"ImageObject\",\"inLanguage\":\"de\",\"@id\":\"https:\\\/\\\/lafabbricadelpanforte.sviluppo.host\\\/de\\\/prodotto\\\/weiche-amaretti-mit-kaffeegeschmack\\\/#primaryimage\",\"url\":\"https:\\\/\\\/lafabbricadelpanforte.sviluppo.host\\\/wp-content\\\/uploads\\\/2023\\\/07\\\/Amaretti-caffe.jpg\",\"contentUrl\":\"https:\\\/\\\/lafabbricadelpanforte.sviluppo.host\\\/wp-content\\\/uploads\\\/2023\\\/07\\\/Amaretti-caffe.jpg\",\"width\":1000,\"height\":655},{\"@type\":\"BreadcrumbList\",\"@id\":\"https:\\\/\\\/lafabbricadelpanforte.sviluppo.host\\\/de\\\/prodotto\\\/weiche-amaretti-mit-kaffeegeschmack\\\/#breadcrumb\",\"itemListElement\":[{\"@type\":\"ListItem\",\"position\":1,\"name\":\"Home\",\"item\":\"https:\\\/\\\/lafabbricadelpanforte.sviluppo.host\\\/de\\\/die-panforte-manufaktur\\\/\"},{\"@type\":\"ListItem\",\"position\":2,\"name\":\"Shop\",\"item\":\"https:\\\/\\\/lafabbricadelpanforte.sviluppo.host\\\/de\\\/shop\\\/\"},{\"@type\":\"ListItem\",\"position\":3,\"name\":\"Weiche Amaretti mit Kaffeegeschmack\"}]},{\"@type\":\"WebSite\",\"@id\":\"https:\\\/\\\/lafabbricadelpanforte.sviluppo.host\\\/de\\\/#website\",\"url\":\"https:\\\/\\\/lafabbricadelpanforte.sviluppo.host\\\/de\\\/\",\"name\":\"La Fabbrica del Panforte\",\"description\":\"Dolci tipici senesi\",\"publisher\":{\"@id\":\"https:\\\/\\\/lafabbricadelpanforte.sviluppo.host\\\/de\\\/#organization\"},\"potentialAction\":[{\"@type\":\"SearchAction\",\"target\":{\"@type\":\"EntryPoint\",\"urlTemplate\":\"https:\\\/\\\/lafabbricadelpanforte.sviluppo.host\\\/de\\\/?s={search_term_string}\"},\"query-input\":{\"@type\":\"PropertyValueSpecification\",\"valueRequired\":true,\"valueName\":\"search_term_string\"}}],\"inLanguage\":\"de\"},{\"@type\":\"Organization\",\"@id\":\"https:\\\/\\\/lafabbricadelpanforte.sviluppo.host\\\/de\\\/#organization\",\"name\":\"La Fabbrica del Panforte\",\"url\":\"https:\\\/\\\/lafabbricadelpanforte.sviluppo.host\\\/de\\\/\",\"logo\":{\"@type\":\"ImageObject\",\"inLanguage\":\"de\",\"@id\":\"https:\\\/\\\/lafabbricadelpanforte.sviluppo.host\\\/de\\\/#\\\/schema\\\/logo\\\/image\\\/\",\"url\":\"https:\\\/\\\/lafabbricadelpanforte.sviluppo.host\\\/wp-content\\\/uploads\\\/2026\\\/06\\\/logo_laFabbricadelPanforte.webp\",\"contentUrl\":\"https:\\\/\\\/lafabbricadelpanforte.sviluppo.host\\\/wp-content\\\/uploads\\\/2026\\\/06\\\/logo_laFabbricadelPanforte.webp\",\"width\":2560,\"height\":1949,\"caption\":\"La Fabbrica del Panforte\"},\"image\":{\"@id\":\"https:\\\/\\\/lafabbricadelpanforte.sviluppo.host\\\/de\\\/#\\\/schema\\\/logo\\\/image\\\/\"}}]}<\/script>\n<!-- \/ Yoast SEO plugin. -->","yoast_head_json":{"title":"Weiche Amaretti mit Kaffeegeschmack - La Fabbrica del Panforte","robots":{"index":"index","follow":"follow","max-snippet":"max-snippet:-1","max-image-preview":"max-image-preview:large","max-video-preview":"max-video-preview:-1"},"canonical":"https:\/\/lafabbricadelpanforte.sviluppo.host\/de\/prodotto\/weiche-amaretti-mit-kaffeegeschmack\/","og_locale":"de_DE","og_type":"article","og_title":"Weiche Amaretti mit Kaffeegeschmack - La Fabbrica del Panforte","og_description":"Entdecken Sie oder genie\u00dfen Sie erneut die glutenfreien Amaretti mit Kaffeegeschmack: luftige K\u00f6stlichkeiten, die in handwerklicher Herstellung aus Rohstoffen von h\u00f6chster Qualit\u00e4t entstehen. Allen voran Mandeln aus Italien. Da dieses Produkt glutenfrei ist, wird es auch von Menschen mit Glutenunvertr\u00e4glichkeit und Z\u00f6liakie gesch\u00e4tzt.","og_url":"https:\/\/lafabbricadelpanforte.sviluppo.host\/de\/prodotto\/weiche-amaretti-mit-kaffeegeschmack\/","og_site_name":"La Fabbrica del Panforte","article_modified_time":"2026-08-27T10:45:26+00:00","og_image":[{"width":1000,"height":655,"url":"https:\/\/lafabbricadelpanforte.sviluppo.host\/wp-content\/uploads\/2023\/07\/Amaretti-caffe.jpg","type":"image\/jpeg"}],"twitter_card":"summary_large_image","schema":{"@context":"https:\/\/schema.org","@graph":[{"@type":"WebPage","@id":"https:\/\/lafabbricadelpanforte.sviluppo.host\/de\/prodotto\/weiche-amaretti-mit-kaffeegeschmack\/","url":"https:\/\/lafabbricadelpanforte.sviluppo.host\/de\/prodotto\/weiche-amaretti-mit-kaffeegeschmack\/","name":"Weiche Amaretti mit Kaffeegeschmack - La Fabbrica del Panforte","isPartOf":{"@id":"https:\/\/lafabbricadelpanforte.sviluppo.host\/de\/#website"},"primaryImageOfPage":{"@id":"https:\/\/lafabbricadelpanforte.sviluppo.host\/de\/prodotto\/weiche-amaretti-mit-kaffeegeschmack\/#primaryimage"},"image":{"@id":"https:\/\/lafabbricadelpanforte.sviluppo.host\/de\/prodotto\/weiche-amaretti-mit-kaffeegeschmack\/#primaryimage"},"thumbnailUrl":"https:\/\/lafabbricadelpanforte.sviluppo.host\/wp-content\/uploads\/2023\/07\/Amaretti-caffe.jpg","datePublished":"2020-09-01T12:39:08+00:00","dateModified":"2026-08-27T10:45:26+00:00","breadcrumb":{"@id":"https:\/\/lafabbricadelpanforte.sviluppo.host\/de\/prodotto\/weiche-amaretti-mit-kaffeegeschmack\/#breadcrumb"},"inLanguage":"de","potentialAction":[{"@type":"ReadAction","target":["https:\/\/lafabbricadelpanforte.sviluppo.host\/de\/prodotto\/weiche-amaretti-mit-kaffeegeschmack\/"]}]},{"@type":"ImageObject","inLanguage":"de","@id":"https:\/\/lafabbricadelpanforte.sviluppo.host\/de\/prodotto\/weiche-amaretti-mit-kaffeegeschmack\/#primaryimage","url":"https:\/\/lafabbricadelpanforte.sviluppo.host\/wp-content\/uploads\/2023\/07\/Amaretti-caffe.jpg","contentUrl":"https:\/\/lafabbricadelpanforte.sviluppo.host\/wp-content\/uploads\/2023\/07\/Amaretti-caffe.jpg","width":1000,"height":655},{"@type":"BreadcrumbList","@id":"https:\/\/lafabbricadelpanforte.sviluppo.host\/de\/prodotto\/weiche-amaretti-mit-kaffeegeschmack\/#breadcrumb","itemListElement":[{"@type":"ListItem","position":1,"name":"Home","item":"https:\/\/lafabbricadelpanforte.sviluppo.host\/de\/die-panforte-manufaktur\/"},{"@type":"ListItem","position":2,"name":"Shop","item":"https:\/\/lafabbricadelpanforte.sviluppo.host\/de\/shop\/"},{"@type":"ListItem","position":3,"name":"Weiche Amaretti mit Kaffeegeschmack"}]},{"@type":"WebSite","@id":"https:\/\/lafabbricadelpanforte.sviluppo.host\/de\/#website","url":"https:\/\/lafabbricadelpanforte.sviluppo.host\/de\/","name":"La Fabbrica del Panforte","description":"Dolci tipici senesi","publisher":{"@id":"https:\/\/lafabbricadelpanforte.sviluppo.host\/de\/#organization"},"potentialAction":[{"@type":"SearchAction","target":{"@type":"EntryPoint","urlTemplate":"https:\/\/lafabbricadelpanforte.sviluppo.host\/de\/?s={search_term_string}"},"query-input":{"@type":"PropertyValueSpecification","valueRequired":true,"valueName":"search_term_string"}}],"inLanguage":"de"},{"@type":"Organization","@id":"https:\/\/lafabbricadelpanforte.sviluppo.host\/de\/#organization","name":"La Fabbrica del Panforte","url":"https:\/\/lafabbricadelpanforte.sviluppo.host\/de\/","logo":{"@type":"ImageObject","inLanguage":"de","@id":"https:\/\/lafabbricadelpanforte.sviluppo.host\/de\/#\/schema\/logo\/image\/","url":"https:\/\/lafabbricadelpanforte.sviluppo.host\/wp-content\/uploads\/2026\/06\/logo_laFabbricadelPanforte.webp","contentUrl":"https:\/\/lafabbricadelpanforte.sviluppo.host\/wp-content\/uploads\/2026\/06\/logo_laFabbricadelPanforte.webp","width":2560,"height":1949,"caption":"La Fabbrica del Panforte"},"image":{"@id":"https:\/\/lafabbricadelpanforte.sviluppo.host\/de\/#\/schema\/logo\/image\/"}}]}},"_links":{"self":[{"href":"https:\/\/lafabbricadelpanforte.sviluppo.host\/de\/wp-json\/wp\/v2\/product\/4869","targetHints":{"allow":["GET"]}}],"collection":[{"href":"https:\/\/lafabbricadelpanforte.sviluppo.host\/de\/wp-json\/wp\/v2\/product"}],"about":[{"href":"https:\/\/lafabbricadelpanforte.sviluppo.host\/de\/wp-json\/wp\/v2\/types\/product"}],"version-history":[{"count":1,"href":"https:\/\/lafabbricadelpanforte.sviluppo.host\/de\/wp-json\/wp\/v2\/product\/4869\/revisions"}],"predecessor-version":[{"id":5056,"href":"https:\/\/lafabbricadelpanforte.sviluppo.host\/de\/wp-json\/wp\/v2\/product\/4869\/revisions\/5056"}],"wp:featuredmedia":[{"embeddable":true,"href":"https:\/\/lafabbricadelpanforte.sviluppo.host\/de\/wp-json\/wp\/v2\/media\/4685"}],"wp:attachment":[{"href":"https:\/\/lafabbricadelpanforte.sviluppo.host\/de\/wp-json\/wp\/v2\/media?parent=4869"}],"wp:term":[{"taxonomy":"product_brand","embeddable":true,"href":"https:\/\/lafabbricadelpanforte.sviluppo.host\/de\/wp-json\/wp\/v2\/product_brand?post=4869"},{"taxonomy":"product_cat","embeddable":true,"href":"https:\/\/lafabbricadelpanforte.sviluppo.host\/de\/wp-json\/wp\/v2\/product_cat?post=4869"},{"taxonomy":"product_tag","embeddable":true,"href":"https:\/\/lafabbricadelpanforte.sviluppo.host\/de\/wp-json\/wp\/v2\/product_tag?post=4869"}],"curies":[{"name":"wp","href":"https:\/\/api.w.org\/{rel}","templated":true}]}}