{"id":4871,"date":"2020-09-01T14:39:00","date_gmt":"2020-09-01T12:39:00","guid":{"rendered":"https:\/\/lafabbricadelpanforte.sviluppo.host\/prodotto\/weiche-mandel-amaretti\/"},"modified":"2026-08-27T10:46:03","modified_gmt":"2026-08-27T10:46:03","slug":"weiche-mandel-amaretti","status":"publish","type":"product","link":"https:\/\/lafabbricadelpanforte.sviluppo.host\/de\/prodotto\/weiche-mandel-amaretti\/","title":{"rendered":"Weiche Mandel-Amaretti"},"content":{"rendered":"<p>Entdecken oder genie\u00dfen Sie erneut die glutenfreien Mandel-Amaretti: zarte K\u00f6stlichkeiten, die in handwerklicher Herstellung aus Rohstoffen von h\u00f6chster Qualit\u00e4t entstehen, allen voran s\u00fc\u00dfe und bittere Mandeln italienischer Herkunft \u2013 weich, aromatisch und reich an \u00e4therischen \u00d6len, die ihren charakteristischen Duft ausmachen. Der Geschmack ist intensiver als der des \u201eRicciarelli di Siena IGP\u201c. Da dieses Produkt glutenfrei ist, wird es auch von Menschen mit Glutenunvertr\u00e4glichkeit und Z\u00f6liakie gesch\u00e4tzt.  <\/p>\n","protected":false},"excerpt":{"rendered":"<p>Entdecken oder genie\u00dfen Sie erneut die glutenfreien Mandel-Amaretti: luftige K\u00f6stlichkeiten, die in handwerklicher Herstellung aus Rohstoffen von h\u00f6chster Qualit\u00e4t entstehen, allen voran s\u00fc\u00dfe und bittere Mandeln italienischer Herkunft \u2013 weich, aromatisch und reich an \u00e4therischen \u00d6len, die ihren charakteristischen Duft ausmachen. Der Geschmack ist intensiver als der des \u201eRicciarelli di Siena IGP\u201c. Da dieses Produkt glutenfrei ist, wird es auch von Menschen mit Glutenunvertr\u00e4glichkeit und Z\u00f6liakie gesch\u00e4tzt.  <\/p>\n","protected":false},"featured_media":4681,"template":"","meta":{"_acf_changed":false},"product_brand":[],"product_cat":[196,182],"product_tag":[197],"class_list":["post-4871","product","type-product","status-publish","has-post-thumbnail","product_cat-die-amaretti","product_cat-glutenfrei","product_tag-die-kostlichkeiten-der-panforte-manufaktur","first","instock","taxable","shipping-taxable","purchasable","product-type-simple"],"acf":[],"yoast_head":"<!-- This site is optimized with the Yoast SEO plugin v28.0 - https:\/\/yoast.com\/product\/yoast-seo-wordpress\/ -->\n<title>Weiche Mandel-Amaretti - La Fabbrica del Panforte<\/title>\n<meta name=\"robots\" content=\"index, follow, max-snippet:-1, max-image-preview:large, max-video-preview:-1\" \/>\n<link rel=\"canonical\" href=\"https:\/\/lafabbricadelpanforte.sviluppo.host\/de\/prodotto\/weiche-mandel-amaretti\/\" \/>\n<meta property=\"og:locale\" content=\"de_DE\" \/>\n<meta property=\"og:type\" content=\"article\" \/>\n<meta property=\"og:title\" content=\"Weiche Mandel-Amaretti - La Fabbrica del Panforte\" \/>\n<meta property=\"og:description\" content=\"Entdecken oder genie\u00dfen Sie erneut die glutenfreien Mandel-Amaretti: luftige K\u00f6stlichkeiten, die in handwerklicher Herstellung aus Rohstoffen von h\u00f6chster Qualit\u00e4t entstehen, allen voran s\u00fc\u00dfe und bittere Mandeln italienischer Herkunft \u2013 weich, aromatisch und reich an \u00e4therischen \u00d6len, die ihren charakteristischen Duft ausmachen. Der Geschmack ist intensiver als der des \u201eRicciarelli di Siena IGP\u201c. Da dieses Produkt glutenfrei ist, wird es auch von Menschen mit Glutenunvertr\u00e4glichkeit und Z\u00f6liakie gesch\u00e4tzt.\" \/>\n<meta property=\"og:url\" content=\"https:\/\/lafabbricadelpanforte.sviluppo.host\/de\/prodotto\/weiche-mandel-amaretti\/\" \/>\n<meta property=\"og:site_name\" content=\"La Fabbrica del Panforte\" \/>\n<meta property=\"article:modified_time\" content=\"2026-08-27T10:46:03+00:00\" \/>\n<meta property=\"og:image\" content=\"https:\/\/lafabbricadelpanforte.sviluppo.host\/wp-content\/uploads\/2023\/07\/Amaretti-mandorla.jpg\" \/>\n\t<meta property=\"og:image:width\" content=\"1000\" \/>\n\t<meta property=\"og:image:height\" content=\"655\" \/>\n\t<meta property=\"og:image:type\" content=\"image\/jpeg\" \/>\n<meta name=\"twitter:card\" content=\"summary_large_image\" \/>\n<script type=\"application\/ld+json\" class=\"yoast-schema-graph\">{\"@context\":\"https:\\\/\\\/schema.org\",\"@graph\":[{\"@type\":\"WebPage\",\"@id\":\"https:\\\/\\\/lafabbricadelpanforte.sviluppo.host\\\/de\\\/prodotto\\\/weiche-mandel-amaretti\\\/\",\"url\":\"https:\\\/\\\/lafabbricadelpanforte.sviluppo.host\\\/de\\\/prodotto\\\/weiche-mandel-amaretti\\\/\",\"name\":\"Weiche Mandel-Amaretti - La Fabbrica del Panforte\",\"isPartOf\":{\"@id\":\"https:\\\/\\\/lafabbricadelpanforte.sviluppo.host\\\/de\\\/#website\"},\"primaryImageOfPage\":{\"@id\":\"https:\\\/\\\/lafabbricadelpanforte.sviluppo.host\\\/de\\\/prodotto\\\/weiche-mandel-amaretti\\\/#primaryimage\"},\"image\":{\"@id\":\"https:\\\/\\\/lafabbricadelpanforte.sviluppo.host\\\/de\\\/prodotto\\\/weiche-mandel-amaretti\\\/#primaryimage\"},\"thumbnailUrl\":\"https:\\\/\\\/lafabbricadelpanforte.sviluppo.host\\\/wp-content\\\/uploads\\\/2023\\\/07\\\/Amaretti-mandorla.jpg\",\"datePublished\":\"2020-09-01T12:39:00+00:00\",\"dateModified\":\"2026-08-27T10:46:03+00:00\",\"breadcrumb\":{\"@id\":\"https:\\\/\\\/lafabbricadelpanforte.sviluppo.host\\\/de\\\/prodotto\\\/weiche-mandel-amaretti\\\/#breadcrumb\"},\"inLanguage\":\"de\",\"potentialAction\":[{\"@type\":\"ReadAction\",\"target\":[\"https:\\\/\\\/lafabbricadelpanforte.sviluppo.host\\\/de\\\/prodotto\\\/weiche-mandel-amaretti\\\/\"]}]},{\"@type\":\"ImageObject\",\"inLanguage\":\"de\",\"@id\":\"https:\\\/\\\/lafabbricadelpanforte.sviluppo.host\\\/de\\\/prodotto\\\/weiche-mandel-amaretti\\\/#primaryimage\",\"url\":\"https:\\\/\\\/lafabbricadelpanforte.sviluppo.host\\\/wp-content\\\/uploads\\\/2023\\\/07\\\/Amaretti-mandorla.jpg\",\"contentUrl\":\"https:\\\/\\\/lafabbricadelpanforte.sviluppo.host\\\/wp-content\\\/uploads\\\/2023\\\/07\\\/Amaretti-mandorla.jpg\",\"width\":1000,\"height\":655},{\"@type\":\"BreadcrumbList\",\"@id\":\"https:\\\/\\\/lafabbricadelpanforte.sviluppo.host\\\/de\\\/prodotto\\\/weiche-mandel-amaretti\\\/#breadcrumb\",\"itemListElement\":[{\"@type\":\"ListItem\",\"position\":1,\"name\":\"Home\",\"item\":\"https:\\\/\\\/lafabbricadelpanforte.sviluppo.host\\\/de\\\/die-panforte-manufaktur\\\/\"},{\"@type\":\"ListItem\",\"position\":2,\"name\":\"Shop\",\"item\":\"https:\\\/\\\/lafabbricadelpanforte.sviluppo.host\\\/de\\\/shop\\\/\"},{\"@type\":\"ListItem\",\"position\":3,\"name\":\"Weiche Mandel-Amaretti\"}]},{\"@type\":\"WebSite\",\"@id\":\"https:\\\/\\\/lafabbricadelpanforte.sviluppo.host\\\/de\\\/#website\",\"url\":\"https:\\\/\\\/lafabbricadelpanforte.sviluppo.host\\\/de\\\/\",\"name\":\"La Fabbrica del Panforte\",\"description\":\"Dolci tipici senesi\",\"publisher\":{\"@id\":\"https:\\\/\\\/lafabbricadelpanforte.sviluppo.host\\\/de\\\/#organization\"},\"potentialAction\":[{\"@type\":\"SearchAction\",\"target\":{\"@type\":\"EntryPoint\",\"urlTemplate\":\"https:\\\/\\\/lafabbricadelpanforte.sviluppo.host\\\/de\\\/?s={search_term_string}\"},\"query-input\":{\"@type\":\"PropertyValueSpecification\",\"valueRequired\":true,\"valueName\":\"search_term_string\"}}],\"inLanguage\":\"de\"},{\"@type\":\"Organization\",\"@id\":\"https:\\\/\\\/lafabbricadelpanforte.sviluppo.host\\\/de\\\/#organization\",\"name\":\"La Fabbrica del Panforte\",\"url\":\"https:\\\/\\\/lafabbricadelpanforte.sviluppo.host\\\/de\\\/\",\"logo\":{\"@type\":\"ImageObject\",\"inLanguage\":\"de\",\"@id\":\"https:\\\/\\\/lafabbricadelpanforte.sviluppo.host\\\/de\\\/#\\\/schema\\\/logo\\\/image\\\/\",\"url\":\"https:\\\/\\\/lafabbricadelpanforte.sviluppo.host\\\/wp-content\\\/uploads\\\/2026\\\/06\\\/logo_laFabbricadelPanforte.webp\",\"contentUrl\":\"https:\\\/\\\/lafabbricadelpanforte.sviluppo.host\\\/wp-content\\\/uploads\\\/2026\\\/06\\\/logo_laFabbricadelPanforte.webp\",\"width\":2560,\"height\":1949,\"caption\":\"La Fabbrica del Panforte\"},\"image\":{\"@id\":\"https:\\\/\\\/lafabbricadelpanforte.sviluppo.host\\\/de\\\/#\\\/schema\\\/logo\\\/image\\\/\"}}]}<\/script>\n<!-- \/ Yoast SEO plugin. -->","yoast_head_json":{"title":"Weiche Mandel-Amaretti - La Fabbrica del Panforte","robots":{"index":"index","follow":"follow","max-snippet":"max-snippet:-1","max-image-preview":"max-image-preview:large","max-video-preview":"max-video-preview:-1"},"canonical":"https:\/\/lafabbricadelpanforte.sviluppo.host\/de\/prodotto\/weiche-mandel-amaretti\/","og_locale":"de_DE","og_type":"article","og_title":"Weiche Mandel-Amaretti - La Fabbrica del Panforte","og_description":"Entdecken oder genie\u00dfen Sie erneut die glutenfreien Mandel-Amaretti: luftige K\u00f6stlichkeiten, die in handwerklicher Herstellung aus Rohstoffen von h\u00f6chster Qualit\u00e4t entstehen, allen voran s\u00fc\u00dfe und bittere Mandeln italienischer Herkunft \u2013 weich, aromatisch und reich an \u00e4therischen \u00d6len, die ihren charakteristischen Duft ausmachen. Der Geschmack ist intensiver als der des \u201eRicciarelli di Siena IGP\u201c. Da dieses Produkt glutenfrei ist, wird es auch von Menschen mit Glutenunvertr\u00e4glichkeit und Z\u00f6liakie gesch\u00e4tzt.","og_url":"https:\/\/lafabbricadelpanforte.sviluppo.host\/de\/prodotto\/weiche-mandel-amaretti\/","og_site_name":"La Fabbrica del Panforte","article_modified_time":"2026-08-27T10:46:03+00:00","og_image":[{"width":1000,"height":655,"url":"https:\/\/lafabbricadelpanforte.sviluppo.host\/wp-content\/uploads\/2023\/07\/Amaretti-mandorla.jpg","type":"image\/jpeg"}],"twitter_card":"summary_large_image","schema":{"@context":"https:\/\/schema.org","@graph":[{"@type":"WebPage","@id":"https:\/\/lafabbricadelpanforte.sviluppo.host\/de\/prodotto\/weiche-mandel-amaretti\/","url":"https:\/\/lafabbricadelpanforte.sviluppo.host\/de\/prodotto\/weiche-mandel-amaretti\/","name":"Weiche Mandel-Amaretti - La Fabbrica del Panforte","isPartOf":{"@id":"https:\/\/lafabbricadelpanforte.sviluppo.host\/de\/#website"},"primaryImageOfPage":{"@id":"https:\/\/lafabbricadelpanforte.sviluppo.host\/de\/prodotto\/weiche-mandel-amaretti\/#primaryimage"},"image":{"@id":"https:\/\/lafabbricadelpanforte.sviluppo.host\/de\/prodotto\/weiche-mandel-amaretti\/#primaryimage"},"thumbnailUrl":"https:\/\/lafabbricadelpanforte.sviluppo.host\/wp-content\/uploads\/2023\/07\/Amaretti-mandorla.jpg","datePublished":"2020-09-01T12:39:00+00:00","dateModified":"2026-08-27T10:46:03+00:00","breadcrumb":{"@id":"https:\/\/lafabbricadelpanforte.sviluppo.host\/de\/prodotto\/weiche-mandel-amaretti\/#breadcrumb"},"inLanguage":"de","potentialAction":[{"@type":"ReadAction","target":["https:\/\/lafabbricadelpanforte.sviluppo.host\/de\/prodotto\/weiche-mandel-amaretti\/"]}]},{"@type":"ImageObject","inLanguage":"de","@id":"https:\/\/lafabbricadelpanforte.sviluppo.host\/de\/prodotto\/weiche-mandel-amaretti\/#primaryimage","url":"https:\/\/lafabbricadelpanforte.sviluppo.host\/wp-content\/uploads\/2023\/07\/Amaretti-mandorla.jpg","contentUrl":"https:\/\/lafabbricadelpanforte.sviluppo.host\/wp-content\/uploads\/2023\/07\/Amaretti-mandorla.jpg","width":1000,"height":655},{"@type":"BreadcrumbList","@id":"https:\/\/lafabbricadelpanforte.sviluppo.host\/de\/prodotto\/weiche-mandel-amaretti\/#breadcrumb","itemListElement":[{"@type":"ListItem","position":1,"name":"Home","item":"https:\/\/lafabbricadelpanforte.sviluppo.host\/de\/die-panforte-manufaktur\/"},{"@type":"ListItem","position":2,"name":"Shop","item":"https:\/\/lafabbricadelpanforte.sviluppo.host\/de\/shop\/"},{"@type":"ListItem","position":3,"name":"Weiche Mandel-Amaretti"}]},{"@type":"WebSite","@id":"https:\/\/lafabbricadelpanforte.sviluppo.host\/de\/#website","url":"https:\/\/lafabbricadelpanforte.sviluppo.host\/de\/","name":"La Fabbrica del Panforte","description":"Dolci tipici senesi","publisher":{"@id":"https:\/\/lafabbricadelpanforte.sviluppo.host\/de\/#organization"},"potentialAction":[{"@type":"SearchAction","target":{"@type":"EntryPoint","urlTemplate":"https:\/\/lafabbricadelpanforte.sviluppo.host\/de\/?s={search_term_string}"},"query-input":{"@type":"PropertyValueSpecification","valueRequired":true,"valueName":"search_term_string"}}],"inLanguage":"de"},{"@type":"Organization","@id":"https:\/\/lafabbricadelpanforte.sviluppo.host\/de\/#organization","name":"La Fabbrica del Panforte","url":"https:\/\/lafabbricadelpanforte.sviluppo.host\/de\/","logo":{"@type":"ImageObject","inLanguage":"de","@id":"https:\/\/lafabbricadelpanforte.sviluppo.host\/de\/#\/schema\/logo\/image\/","url":"https:\/\/lafabbricadelpanforte.sviluppo.host\/wp-content\/uploads\/2026\/06\/logo_laFabbricadelPanforte.webp","contentUrl":"https:\/\/lafabbricadelpanforte.sviluppo.host\/wp-content\/uploads\/2026\/06\/logo_laFabbricadelPanforte.webp","width":2560,"height":1949,"caption":"La Fabbrica del Panforte"},"image":{"@id":"https:\/\/lafabbricadelpanforte.sviluppo.host\/de\/#\/schema\/logo\/image\/"}}]}},"_links":{"self":[{"href":"https:\/\/lafabbricadelpanforte.sviluppo.host\/de\/wp-json\/wp\/v2\/product\/4871","targetHints":{"allow":["GET"]}}],"collection":[{"href":"https:\/\/lafabbricadelpanforte.sviluppo.host\/de\/wp-json\/wp\/v2\/product"}],"about":[{"href":"https:\/\/lafabbricadelpanforte.sviluppo.host\/de\/wp-json\/wp\/v2\/types\/product"}],"version-history":[{"count":1,"href":"https:\/\/lafabbricadelpanforte.sviluppo.host\/de\/wp-json\/wp\/v2\/product\/4871\/revisions"}],"predecessor-version":[{"id":5067,"href":"https:\/\/lafabbricadelpanforte.sviluppo.host\/de\/wp-json\/wp\/v2\/product\/4871\/revisions\/5067"}],"wp:featuredmedia":[{"embeddable":true,"href":"https:\/\/lafabbricadelpanforte.sviluppo.host\/de\/wp-json\/wp\/v2\/media\/4681"}],"wp:attachment":[{"href":"https:\/\/lafabbricadelpanforte.sviluppo.host\/de\/wp-json\/wp\/v2\/media?parent=4871"}],"wp:term":[{"taxonomy":"product_brand","embeddable":true,"href":"https:\/\/lafabbricadelpanforte.sviluppo.host\/de\/wp-json\/wp\/v2\/product_brand?post=4871"},{"taxonomy":"product_cat","embeddable":true,"href":"https:\/\/lafabbricadelpanforte.sviluppo.host\/de\/wp-json\/wp\/v2\/product_cat?post=4871"},{"taxonomy":"product_tag","embeddable":true,"href":"https:\/\/lafabbricadelpanforte.sviluppo.host\/de\/wp-json\/wp\/v2\/product_tag?post=4871"}],"curies":[{"name":"wp","href":"https:\/\/api.w.org\/{rel}","templated":true}]}}