{"id":4876,"date":"2020-09-01T14:36:50","date_gmt":"2020-09-01T12:36:50","guid":{"rendered":"https:\/\/lafabbricadelpanforte.sviluppo.host\/prodotto\/weiche-kakao-amaretti\/"},"modified":"2026-08-27T10:46:16","modified_gmt":"2026-08-27T10:46:16","slug":"weiche-kakao-amaretti","status":"publish","type":"product","link":"https:\/\/lafabbricadelpanforte.sviluppo.host\/de\/prodotto\/weiche-kakao-amaretti\/","title":{"rendered":"Weiche Kakao-Amaretti"},"content":{"rendered":"<p>Entdecken oder genie\u00dfen Sie erneut die glutenfreien Amaretti mit Kakao: luftige K\u00f6stlichkeiten, die in handwerklicher Herstellung aus Rohstoffen von h\u00f6chster Qualit\u00e4t entstehen. Allen voran Mandeln aus Italien. Der von uns verwendete Kakao ist rein und von hervorragender Qualit\u00e4t, was dem Geb\u00e4ck einen s\u00fc\u00dfen, ausgepr\u00e4gten Geschmack und eine unglaubliche Konsistenz verleiht. Da dieses Produkt glutenfrei ist, wird es auch von Menschen mit einer Glutenunvertr\u00e4glichkeit und Z\u00f6liakie gesch\u00e4tzt.   <\/p>\n","protected":false},"excerpt":{"rendered":"<p>Entdecken oder genie\u00dfen Sie erneut die glutenfreien Kakao-Amaretti: luftige K\u00f6stlichkeiten, die in handwerklicher Herstellung aus Rohstoffen von ausgezeichneter Qualit\u00e4t entstehen. Allen voran Mandeln aus Italien. Der von uns verwendete Kakao ist rein und von ausgezeichneter Qualit\u00e4t, was diesen Keks einen s\u00fc\u00dfen und ausgepr\u00e4gten Geschmack sowie eine unglaubliche Konsistenz verleiht. Da dieses Produkt glutenfrei ist, wird es auch von Menschen mit Glutenunvertr\u00e4glichkeit und Z\u00f6liakie gesch\u00e4tzt.   <\/p>\n","protected":false},"featured_media":4684,"template":"","meta":{"_acf_changed":false},"product_brand":[],"product_cat":[196,182],"product_tag":[197],"class_list":["post-4876","product","type-product","status-publish","has-post-thumbnail","product_cat-die-amaretti","product_cat-glutenfrei","product_tag-die-kostlichkeiten-der-panforte-manufaktur","first","instock","taxable","shipping-taxable","purchasable","product-type-simple"],"acf":[],"yoast_head":"<!-- This site is optimized with the Yoast SEO plugin v28.0 - https:\/\/yoast.com\/product\/yoast-seo-wordpress\/ -->\n<title>Weiche Kakao-Amaretti - La Fabbrica del Panforte<\/title>\n<meta name=\"robots\" content=\"index, follow, max-snippet:-1, max-image-preview:large, max-video-preview:-1\" \/>\n<link rel=\"canonical\" href=\"https:\/\/lafabbricadelpanforte.sviluppo.host\/de\/prodotto\/weiche-kakao-amaretti\/\" \/>\n<meta property=\"og:locale\" content=\"de_DE\" \/>\n<meta property=\"og:type\" content=\"article\" \/>\n<meta property=\"og:title\" content=\"Weiche Kakao-Amaretti - La Fabbrica del Panforte\" \/>\n<meta property=\"og:description\" content=\"Entdecken oder genie\u00dfen Sie erneut die glutenfreien Kakao-Amaretti: luftige K\u00f6stlichkeiten, die in handwerklicher Herstellung aus Rohstoffen von ausgezeichneter Qualit\u00e4t entstehen. Allen voran Mandeln aus Italien. Der von uns verwendete Kakao ist rein und von ausgezeichneter Qualit\u00e4t, was diesen Keks einen s\u00fc\u00dfen und ausgepr\u00e4gten Geschmack sowie eine unglaubliche Konsistenz verleiht. Da dieses Produkt glutenfrei ist, wird es auch von Menschen mit Glutenunvertr\u00e4glichkeit und Z\u00f6liakie gesch\u00e4tzt.\" \/>\n<meta property=\"og:url\" content=\"https:\/\/lafabbricadelpanforte.sviluppo.host\/de\/prodotto\/weiche-kakao-amaretti\/\" \/>\n<meta property=\"og:site_name\" content=\"La Fabbrica del Panforte\" \/>\n<meta property=\"article:modified_time\" content=\"2026-08-27T10:46:16+00:00\" \/>\n<meta property=\"og:image\" content=\"https:\/\/lafabbricadelpanforte.sviluppo.host\/wp-content\/uploads\/2023\/07\/Amaretti-cacao.jpg\" \/>\n\t<meta property=\"og:image:width\" content=\"1000\" \/>\n\t<meta property=\"og:image:height\" content=\"655\" \/>\n\t<meta property=\"og:image:type\" content=\"image\/jpeg\" \/>\n<meta name=\"twitter:card\" content=\"summary_large_image\" \/>\n<script type=\"application\/ld+json\" class=\"yoast-schema-graph\">{\"@context\":\"https:\\\/\\\/schema.org\",\"@graph\":[{\"@type\":\"WebPage\",\"@id\":\"https:\\\/\\\/lafabbricadelpanforte.sviluppo.host\\\/de\\\/prodotto\\\/weiche-kakao-amaretti\\\/\",\"url\":\"https:\\\/\\\/lafabbricadelpanforte.sviluppo.host\\\/de\\\/prodotto\\\/weiche-kakao-amaretti\\\/\",\"name\":\"Weiche Kakao-Amaretti - La Fabbrica del Panforte\",\"isPartOf\":{\"@id\":\"https:\\\/\\\/lafabbricadelpanforte.sviluppo.host\\\/de\\\/#website\"},\"primaryImageOfPage\":{\"@id\":\"https:\\\/\\\/lafabbricadelpanforte.sviluppo.host\\\/de\\\/prodotto\\\/weiche-kakao-amaretti\\\/#primaryimage\"},\"image\":{\"@id\":\"https:\\\/\\\/lafabbricadelpanforte.sviluppo.host\\\/de\\\/prodotto\\\/weiche-kakao-amaretti\\\/#primaryimage\"},\"thumbnailUrl\":\"https:\\\/\\\/lafabbricadelpanforte.sviluppo.host\\\/wp-content\\\/uploads\\\/2023\\\/07\\\/Amaretti-cacao.jpg\",\"datePublished\":\"2020-09-01T12:36:50+00:00\",\"dateModified\":\"2026-08-27T10:46:16+00:00\",\"breadcrumb\":{\"@id\":\"https:\\\/\\\/lafabbricadelpanforte.sviluppo.host\\\/de\\\/prodotto\\\/weiche-kakao-amaretti\\\/#breadcrumb\"},\"inLanguage\":\"de\",\"potentialAction\":[{\"@type\":\"ReadAction\",\"target\":[\"https:\\\/\\\/lafabbricadelpanforte.sviluppo.host\\\/de\\\/prodotto\\\/weiche-kakao-amaretti\\\/\"]}]},{\"@type\":\"ImageObject\",\"inLanguage\":\"de\",\"@id\":\"https:\\\/\\\/lafabbricadelpanforte.sviluppo.host\\\/de\\\/prodotto\\\/weiche-kakao-amaretti\\\/#primaryimage\",\"url\":\"https:\\\/\\\/lafabbricadelpanforte.sviluppo.host\\\/wp-content\\\/uploads\\\/2023\\\/07\\\/Amaretti-cacao.jpg\",\"contentUrl\":\"https:\\\/\\\/lafabbricadelpanforte.sviluppo.host\\\/wp-content\\\/uploads\\\/2023\\\/07\\\/Amaretti-cacao.jpg\",\"width\":1000,\"height\":655},{\"@type\":\"BreadcrumbList\",\"@id\":\"https:\\\/\\\/lafabbricadelpanforte.sviluppo.host\\\/de\\\/prodotto\\\/weiche-kakao-amaretti\\\/#breadcrumb\",\"itemListElement\":[{\"@type\":\"ListItem\",\"position\":1,\"name\":\"Home\",\"item\":\"https:\\\/\\\/lafabbricadelpanforte.sviluppo.host\\\/de\\\/die-panforte-manufaktur\\\/\"},{\"@type\":\"ListItem\",\"position\":2,\"name\":\"Shop\",\"item\":\"https:\\\/\\\/lafabbricadelpanforte.sviluppo.host\\\/de\\\/shop\\\/\"},{\"@type\":\"ListItem\",\"position\":3,\"name\":\"Weiche Kakao-Amaretti\"}]},{\"@type\":\"WebSite\",\"@id\":\"https:\\\/\\\/lafabbricadelpanforte.sviluppo.host\\\/de\\\/#website\",\"url\":\"https:\\\/\\\/lafabbricadelpanforte.sviluppo.host\\\/de\\\/\",\"name\":\"La Fabbrica del Panforte\",\"description\":\"Dolci tipici senesi\",\"publisher\":{\"@id\":\"https:\\\/\\\/lafabbricadelpanforte.sviluppo.host\\\/de\\\/#organization\"},\"potentialAction\":[{\"@type\":\"SearchAction\",\"target\":{\"@type\":\"EntryPoint\",\"urlTemplate\":\"https:\\\/\\\/lafabbricadelpanforte.sviluppo.host\\\/de\\\/?s={search_term_string}\"},\"query-input\":{\"@type\":\"PropertyValueSpecification\",\"valueRequired\":true,\"valueName\":\"search_term_string\"}}],\"inLanguage\":\"de\"},{\"@type\":\"Organization\",\"@id\":\"https:\\\/\\\/lafabbricadelpanforte.sviluppo.host\\\/de\\\/#organization\",\"name\":\"La Fabbrica del Panforte\",\"url\":\"https:\\\/\\\/lafabbricadelpanforte.sviluppo.host\\\/de\\\/\",\"logo\":{\"@type\":\"ImageObject\",\"inLanguage\":\"de\",\"@id\":\"https:\\\/\\\/lafabbricadelpanforte.sviluppo.host\\\/de\\\/#\\\/schema\\\/logo\\\/image\\\/\",\"url\":\"https:\\\/\\\/lafabbricadelpanforte.sviluppo.host\\\/wp-content\\\/uploads\\\/2026\\\/06\\\/logo_laFabbricadelPanforte.webp\",\"contentUrl\":\"https:\\\/\\\/lafabbricadelpanforte.sviluppo.host\\\/wp-content\\\/uploads\\\/2026\\\/06\\\/logo_laFabbricadelPanforte.webp\",\"width\":2560,\"height\":1949,\"caption\":\"La Fabbrica del Panforte\"},\"image\":{\"@id\":\"https:\\\/\\\/lafabbricadelpanforte.sviluppo.host\\\/de\\\/#\\\/schema\\\/logo\\\/image\\\/\"}}]}<\/script>\n<!-- \/ Yoast SEO plugin. -->","yoast_head_json":{"title":"Weiche Kakao-Amaretti - La Fabbrica del Panforte","robots":{"index":"index","follow":"follow","max-snippet":"max-snippet:-1","max-image-preview":"max-image-preview:large","max-video-preview":"max-video-preview:-1"},"canonical":"https:\/\/lafabbricadelpanforte.sviluppo.host\/de\/prodotto\/weiche-kakao-amaretti\/","og_locale":"de_DE","og_type":"article","og_title":"Weiche Kakao-Amaretti - La Fabbrica del Panforte","og_description":"Entdecken oder genie\u00dfen Sie erneut die glutenfreien Kakao-Amaretti: luftige K\u00f6stlichkeiten, die in handwerklicher Herstellung aus Rohstoffen von ausgezeichneter Qualit\u00e4t entstehen. Allen voran Mandeln aus Italien. Der von uns verwendete Kakao ist rein und von ausgezeichneter Qualit\u00e4t, was diesen Keks einen s\u00fc\u00dfen und ausgepr\u00e4gten Geschmack sowie eine unglaubliche Konsistenz verleiht. Da dieses Produkt glutenfrei ist, wird es auch von Menschen mit Glutenunvertr\u00e4glichkeit und Z\u00f6liakie gesch\u00e4tzt.","og_url":"https:\/\/lafabbricadelpanforte.sviluppo.host\/de\/prodotto\/weiche-kakao-amaretti\/","og_site_name":"La Fabbrica del Panforte","article_modified_time":"2026-08-27T10:46:16+00:00","og_image":[{"width":1000,"height":655,"url":"https:\/\/lafabbricadelpanforte.sviluppo.host\/wp-content\/uploads\/2023\/07\/Amaretti-cacao.jpg","type":"image\/jpeg"}],"twitter_card":"summary_large_image","schema":{"@context":"https:\/\/schema.org","@graph":[{"@type":"WebPage","@id":"https:\/\/lafabbricadelpanforte.sviluppo.host\/de\/prodotto\/weiche-kakao-amaretti\/","url":"https:\/\/lafabbricadelpanforte.sviluppo.host\/de\/prodotto\/weiche-kakao-amaretti\/","name":"Weiche Kakao-Amaretti - La Fabbrica del Panforte","isPartOf":{"@id":"https:\/\/lafabbricadelpanforte.sviluppo.host\/de\/#website"},"primaryImageOfPage":{"@id":"https:\/\/lafabbricadelpanforte.sviluppo.host\/de\/prodotto\/weiche-kakao-amaretti\/#primaryimage"},"image":{"@id":"https:\/\/lafabbricadelpanforte.sviluppo.host\/de\/prodotto\/weiche-kakao-amaretti\/#primaryimage"},"thumbnailUrl":"https:\/\/lafabbricadelpanforte.sviluppo.host\/wp-content\/uploads\/2023\/07\/Amaretti-cacao.jpg","datePublished":"2020-09-01T12:36:50+00:00","dateModified":"2026-08-27T10:46:16+00:00","breadcrumb":{"@id":"https:\/\/lafabbricadelpanforte.sviluppo.host\/de\/prodotto\/weiche-kakao-amaretti\/#breadcrumb"},"inLanguage":"de","potentialAction":[{"@type":"ReadAction","target":["https:\/\/lafabbricadelpanforte.sviluppo.host\/de\/prodotto\/weiche-kakao-amaretti\/"]}]},{"@type":"ImageObject","inLanguage":"de","@id":"https:\/\/lafabbricadelpanforte.sviluppo.host\/de\/prodotto\/weiche-kakao-amaretti\/#primaryimage","url":"https:\/\/lafabbricadelpanforte.sviluppo.host\/wp-content\/uploads\/2023\/07\/Amaretti-cacao.jpg","contentUrl":"https:\/\/lafabbricadelpanforte.sviluppo.host\/wp-content\/uploads\/2023\/07\/Amaretti-cacao.jpg","width":1000,"height":655},{"@type":"BreadcrumbList","@id":"https:\/\/lafabbricadelpanforte.sviluppo.host\/de\/prodotto\/weiche-kakao-amaretti\/#breadcrumb","itemListElement":[{"@type":"ListItem","position":1,"name":"Home","item":"https:\/\/lafabbricadelpanforte.sviluppo.host\/de\/die-panforte-manufaktur\/"},{"@type":"ListItem","position":2,"name":"Shop","item":"https:\/\/lafabbricadelpanforte.sviluppo.host\/de\/shop\/"},{"@type":"ListItem","position":3,"name":"Weiche Kakao-Amaretti"}]},{"@type":"WebSite","@id":"https:\/\/lafabbricadelpanforte.sviluppo.host\/de\/#website","url":"https:\/\/lafabbricadelpanforte.sviluppo.host\/de\/","name":"La Fabbrica del Panforte","description":"Dolci tipici senesi","publisher":{"@id":"https:\/\/lafabbricadelpanforte.sviluppo.host\/de\/#organization"},"potentialAction":[{"@type":"SearchAction","target":{"@type":"EntryPoint","urlTemplate":"https:\/\/lafabbricadelpanforte.sviluppo.host\/de\/?s={search_term_string}"},"query-input":{"@type":"PropertyValueSpecification","valueRequired":true,"valueName":"search_term_string"}}],"inLanguage":"de"},{"@type":"Organization","@id":"https:\/\/lafabbricadelpanforte.sviluppo.host\/de\/#organization","name":"La Fabbrica del Panforte","url":"https:\/\/lafabbricadelpanforte.sviluppo.host\/de\/","logo":{"@type":"ImageObject","inLanguage":"de","@id":"https:\/\/lafabbricadelpanforte.sviluppo.host\/de\/#\/schema\/logo\/image\/","url":"https:\/\/lafabbricadelpanforte.sviluppo.host\/wp-content\/uploads\/2026\/06\/logo_laFabbricadelPanforte.webp","contentUrl":"https:\/\/lafabbricadelpanforte.sviluppo.host\/wp-content\/uploads\/2026\/06\/logo_laFabbricadelPanforte.webp","width":2560,"height":1949,"caption":"La Fabbrica del Panforte"},"image":{"@id":"https:\/\/lafabbricadelpanforte.sviluppo.host\/de\/#\/schema\/logo\/image\/"}}]}},"_links":{"self":[{"href":"https:\/\/lafabbricadelpanforte.sviluppo.host\/de\/wp-json\/wp\/v2\/product\/4876","targetHints":{"allow":["GET"]}}],"collection":[{"href":"https:\/\/lafabbricadelpanforte.sviluppo.host\/de\/wp-json\/wp\/v2\/product"}],"about":[{"href":"https:\/\/lafabbricadelpanforte.sviluppo.host\/de\/wp-json\/wp\/v2\/types\/product"}],"version-history":[{"count":1,"href":"https:\/\/lafabbricadelpanforte.sviluppo.host\/de\/wp-json\/wp\/v2\/product\/4876\/revisions"}],"predecessor-version":[{"id":5070,"href":"https:\/\/lafabbricadelpanforte.sviluppo.host\/de\/wp-json\/wp\/v2\/product\/4876\/revisions\/5070"}],"wp:featuredmedia":[{"embeddable":true,"href":"https:\/\/lafabbricadelpanforte.sviluppo.host\/de\/wp-json\/wp\/v2\/media\/4684"}],"wp:attachment":[{"href":"https:\/\/lafabbricadelpanforte.sviluppo.host\/de\/wp-json\/wp\/v2\/media?parent=4876"}],"wp:term":[{"taxonomy":"product_brand","embeddable":true,"href":"https:\/\/lafabbricadelpanforte.sviluppo.host\/de\/wp-json\/wp\/v2\/product_brand?post=4876"},{"taxonomy":"product_cat","embeddable":true,"href":"https:\/\/lafabbricadelpanforte.sviluppo.host\/de\/wp-json\/wp\/v2\/product_cat?post=4876"},{"taxonomy":"product_tag","embeddable":true,"href":"https:\/\/lafabbricadelpanforte.sviluppo.host\/de\/wp-json\/wp\/v2\/product_tag?post=4876"}],"curies":[{"name":"wp","href":"https:\/\/api.w.org\/{rel}","templated":true}]}}