{"id":4705,"date":"2026-06-06T14:07:24","date_gmt":"2026-06-06T14:07:24","guid":{"rendered":"https:\/\/lafabbricadelpanforte.sviluppo.host\/prodotto\/panforte-i-g-p-noir\/"},"modified":"2026-08-27T10:42:00","modified_gmt":"2026-08-27T10:42:00","slug":"panforte-i-g-p-noir","status":"publish","type":"product","link":"https:\/\/lafabbricadelpanforte.sviluppo.host\/fr\/prodotto\/panforte-i-g-p-noir\/","title":{"rendered":"Panforte I.G.P. Noir"},"content":{"rendered":"<p>D\u00e9couvrez ou red\u00e9couvrez le go\u00fbt d&rsquo;un dessert dont l&rsquo;origine remonte au Moyen \u00c2ge : le Panforte Siena IGP Nero, \u00e9galement appel\u00e9 \u00ab Panpepato \u00bb, est en effet l&rsquo;un des plus anciens desserts traditionnels de Sienne. La saveur prononc\u00e9e bien connue du Panforte noir est due \u00e0 un m\u00e9lange d\u2019\u00e9pices au go\u00fbt intense, comme par exemple la noix de muscade, les clous de girofle et le poivre de girofle. Les formats de 100 g, 250 g et 450 g sont emball\u00e9s \u00e0 la main selon la tradition p\u00e2tissi\u00e8re siennoise. Le format de 500 g se pr\u00e9sente sous la forme d\u2019une plaque plus \u00e9paisse, conditionn\u00e9e dans un emballage transparent.    <\/p>\n","protected":false},"excerpt":{"rendered":"<p>D\u00e9couvrez ou red\u00e9couvrez le go\u00fbt d&rsquo;un dessert qui remonte au Moyen \u00c2ge : le Panforte Siena IGP Nero, \u00e9galement appel\u00e9 \u00ab Panpepato \u00bb, est en effet l&rsquo;un des plus anciens desserts traditionnels de Sienne. La saveur prononc\u00e9e bien connue du Panforte noir est due au m\u00e9lange d&rsquo;\u00e9pices au go\u00fbt intense, comme par exemple la noix de muscade, les clous de girofle et le poivre de girofle. Les formats de 100 g, 250 g et 450 g sont emball\u00e9s \u00e0 la main selon la tradition p\u00e2tissi\u00e8re siennoise. Le format de 500 g se pr\u00e9sente sous la forme d\u2019une plaque plus \u00e9paisse, conditionn\u00e9e dans un emballage transparent.    <\/p>\n","protected":false},"featured_media":4401,"template":"","meta":{"_acf_changed":false},"product_brand":[],"product_cat":[180,164],"product_tag":[181,184,165],"class_list":["post-4705","product","type-product","status-publish","has-post-thumbnail","product_cat-i-g-p","product_cat-panforte","product_tag-igp","product_tag-pain-depices","product_tag-patisseries-traditionnelles-de-sienne","first","instock","taxable","shipping-taxable","purchasable","product-type-variable"],"acf":[],"yoast_head":"<!-- This site is optimized with the Yoast SEO plugin v28.0 - https:\/\/yoast.com\/product\/yoast-seo-wordpress\/ -->\n<title>Panforte I.G.P. Noir - La Fabbrica del Panforte<\/title>\n<meta name=\"robots\" content=\"index, follow, max-snippet:-1, max-image-preview:large, max-video-preview:-1\" \/>\n<link rel=\"canonical\" href=\"https:\/\/lafabbricadelpanforte.sviluppo.host\/fr\/prodotto\/panforte-i-g-p-noir\/\" \/>\n<meta property=\"og:locale\" content=\"fr_FR\" \/>\n<meta property=\"og:type\" content=\"article\" \/>\n<meta property=\"og:title\" content=\"Panforte I.G.P. Noir - La Fabbrica del Panforte\" \/>\n<meta property=\"og:description\" content=\"D\u00e9couvrez ou red\u00e9couvrez le go\u00fbt d&#039;un dessert qui remonte au Moyen \u00c2ge : le Panforte Siena IGP Nero, \u00e9galement appel\u00e9 \u00ab Panpepato \u00bb, est en effet l&#039;un des plus anciens desserts traditionnels de Sienne. La saveur prononc\u00e9e bien connue du Panforte noir est due au m\u00e9lange d&#039;\u00e9pices au go\u00fbt intense, comme par exemple la noix de muscade, les clous de girofle et le poivre de girofle. Les formats de 100 g, 250 g et 450 g sont emball\u00e9s \u00e0 la main selon la tradition p\u00e2tissi\u00e8re siennoise. Le format de 500 g se pr\u00e9sente sous la forme d\u2019une plaque plus \u00e9paisse, conditionn\u00e9e dans un emballage transparent.\" \/>\n<meta property=\"og:url\" content=\"https:\/\/lafabbricadelpanforte.sviluppo.host\/fr\/prodotto\/panforte-i-g-p-noir\/\" \/>\n<meta property=\"og:site_name\" content=\"La Fabbrica del Panforte\" \/>\n<meta property=\"article:modified_time\" content=\"2026-08-27T10:42:00+00:00\" \/>\n<meta property=\"og:image\" content=\"https:\/\/lafabbricadelpanforte.sviluppo.host\/wp-content\/uploads\/2026\/06\/Panforte-Nero.jpg\" \/>\n\t<meta property=\"og:image:width\" content=\"2400\" \/>\n\t<meta property=\"og:image:height\" content=\"1600\" \/>\n\t<meta property=\"og:image:type\" content=\"image\/jpeg\" \/>\n<meta name=\"twitter:card\" content=\"summary_large_image\" \/>\n<meta name=\"twitter:label1\" content=\"Dur\u00e9e de lecture estim\u00e9e\" \/>\n\t<meta name=\"twitter:data1\" content=\"1 minute\" \/>\n<script type=\"application\/ld+json\" class=\"yoast-schema-graph\">{\"@context\":\"https:\\\/\\\/schema.org\",\"@graph\":[{\"@type\":\"WebPage\",\"@id\":\"https:\\\/\\\/lafabbricadelpanforte.sviluppo.host\\\/fr\\\/prodotto\\\/panforte-i-g-p-noir\\\/\",\"url\":\"https:\\\/\\\/lafabbricadelpanforte.sviluppo.host\\\/fr\\\/prodotto\\\/panforte-i-g-p-noir\\\/\",\"name\":\"Panforte I.G.P. Noir - La Fabbrica del Panforte\",\"isPartOf\":{\"@id\":\"https:\\\/\\\/lafabbricadelpanforte.sviluppo.host\\\/fr\\\/#website\"},\"primaryImageOfPage\":{\"@id\":\"https:\\\/\\\/lafabbricadelpanforte.sviluppo.host\\\/fr\\\/prodotto\\\/panforte-i-g-p-noir\\\/#primaryimage\"},\"image\":{\"@id\":\"https:\\\/\\\/lafabbricadelpanforte.sviluppo.host\\\/fr\\\/prodotto\\\/panforte-i-g-p-noir\\\/#primaryimage\"},\"thumbnailUrl\":\"https:\\\/\\\/lafabbricadelpanforte.sviluppo.host\\\/wp-content\\\/uploads\\\/2026\\\/06\\\/Panforte-Nero.jpg\",\"datePublished\":\"2026-06-06T14:07:24+00:00\",\"dateModified\":\"2026-08-27T10:42:00+00:00\",\"breadcrumb\":{\"@id\":\"https:\\\/\\\/lafabbricadelpanforte.sviluppo.host\\\/fr\\\/prodotto\\\/panforte-i-g-p-noir\\\/#breadcrumb\"},\"inLanguage\":\"fr-FR\",\"potentialAction\":[{\"@type\":\"ReadAction\",\"target\":[\"https:\\\/\\\/lafabbricadelpanforte.sviluppo.host\\\/fr\\\/prodotto\\\/panforte-i-g-p-noir\\\/\"]}]},{\"@type\":\"ImageObject\",\"inLanguage\":\"fr-FR\",\"@id\":\"https:\\\/\\\/lafabbricadelpanforte.sviluppo.host\\\/fr\\\/prodotto\\\/panforte-i-g-p-noir\\\/#primaryimage\",\"url\":\"https:\\\/\\\/lafabbricadelpanforte.sviluppo.host\\\/wp-content\\\/uploads\\\/2026\\\/06\\\/Panforte-Nero.jpg\",\"contentUrl\":\"https:\\\/\\\/lafabbricadelpanforte.sviluppo.host\\\/wp-content\\\/uploads\\\/2026\\\/06\\\/Panforte-Nero.jpg\",\"width\":2400,\"height\":1600},{\"@type\":\"BreadcrumbList\",\"@id\":\"https:\\\/\\\/lafabbricadelpanforte.sviluppo.host\\\/fr\\\/prodotto\\\/panforte-i-g-p-noir\\\/#breadcrumb\",\"itemListElement\":[{\"@type\":\"ListItem\",\"position\":1,\"name\":\"Home\",\"item\":\"https:\\\/\\\/lafabbricadelpanforte.sviluppo.host\\\/fr\\\/la-fabrique-du-panforte\\\/\"},{\"@type\":\"ListItem\",\"position\":2,\"name\":\"Boutique\",\"item\":\"https:\\\/\\\/lafabbricadelpanforte.sviluppo.host\\\/fr\\\/boutique\\\/\"},{\"@type\":\"ListItem\",\"position\":3,\"name\":\"Panforte I.G.P. Noir\"}]},{\"@type\":\"WebSite\",\"@id\":\"https:\\\/\\\/lafabbricadelpanforte.sviluppo.host\\\/fr\\\/#website\",\"url\":\"https:\\\/\\\/lafabbricadelpanforte.sviluppo.host\\\/fr\\\/\",\"name\":\"La Fabbrica del Panforte\",\"description\":\"Dolci tipici senesi\",\"publisher\":{\"@id\":\"https:\\\/\\\/lafabbricadelpanforte.sviluppo.host\\\/fr\\\/#organization\"},\"potentialAction\":[{\"@type\":\"SearchAction\",\"target\":{\"@type\":\"EntryPoint\",\"urlTemplate\":\"https:\\\/\\\/lafabbricadelpanforte.sviluppo.host\\\/fr\\\/?s={search_term_string}\"},\"query-input\":{\"@type\":\"PropertyValueSpecification\",\"valueRequired\":true,\"valueName\":\"search_term_string\"}}],\"inLanguage\":\"fr-FR\"},{\"@type\":\"Organization\",\"@id\":\"https:\\\/\\\/lafabbricadelpanforte.sviluppo.host\\\/fr\\\/#organization\",\"name\":\"La Fabbrica del Panforte\",\"url\":\"https:\\\/\\\/lafabbricadelpanforte.sviluppo.host\\\/fr\\\/\",\"logo\":{\"@type\":\"ImageObject\",\"inLanguage\":\"fr-FR\",\"@id\":\"https:\\\/\\\/lafabbricadelpanforte.sviluppo.host\\\/fr\\\/#\\\/schema\\\/logo\\\/image\\\/\",\"url\":\"https:\\\/\\\/lafabbricadelpanforte.sviluppo.host\\\/wp-content\\\/uploads\\\/2026\\\/06\\\/logo_laFabbricadelPanforte.webp\",\"contentUrl\":\"https:\\\/\\\/lafabbricadelpanforte.sviluppo.host\\\/wp-content\\\/uploads\\\/2026\\\/06\\\/logo_laFabbricadelPanforte.webp\",\"width\":2560,\"height\":1949,\"caption\":\"La Fabbrica del Panforte\"},\"image\":{\"@id\":\"https:\\\/\\\/lafabbricadelpanforte.sviluppo.host\\\/fr\\\/#\\\/schema\\\/logo\\\/image\\\/\"}}]}<\/script>\n<!-- \/ Yoast SEO plugin. -->","yoast_head_json":{"title":"Panforte I.G.P. Noir - La Fabbrica del Panforte","robots":{"index":"index","follow":"follow","max-snippet":"max-snippet:-1","max-image-preview":"max-image-preview:large","max-video-preview":"max-video-preview:-1"},"canonical":"https:\/\/lafabbricadelpanforte.sviluppo.host\/fr\/prodotto\/panforte-i-g-p-noir\/","og_locale":"fr_FR","og_type":"article","og_title":"Panforte I.G.P. Noir - La Fabbrica del Panforte","og_description":"D\u00e9couvrez ou red\u00e9couvrez le go\u00fbt d'un dessert qui remonte au Moyen \u00c2ge : le Panforte Siena IGP Nero, \u00e9galement appel\u00e9 \u00ab Panpepato \u00bb, est en effet l'un des plus anciens desserts traditionnels de Sienne. La saveur prononc\u00e9e bien connue du Panforte noir est due au m\u00e9lange d'\u00e9pices au go\u00fbt intense, comme par exemple la noix de muscade, les clous de girofle et le poivre de girofle. Les formats de 100 g, 250 g et 450 g sont emball\u00e9s \u00e0 la main selon la tradition p\u00e2tissi\u00e8re siennoise. Le format de 500 g se pr\u00e9sente sous la forme d\u2019une plaque plus \u00e9paisse, conditionn\u00e9e dans un emballage transparent.","og_url":"https:\/\/lafabbricadelpanforte.sviluppo.host\/fr\/prodotto\/panforte-i-g-p-noir\/","og_site_name":"La Fabbrica del Panforte","article_modified_time":"2026-08-27T10:42:00+00:00","og_image":[{"width":2400,"height":1600,"url":"https:\/\/lafabbricadelpanforte.sviluppo.host\/wp-content\/uploads\/2026\/06\/Panforte-Nero.jpg","type":"image\/jpeg"}],"twitter_card":"summary_large_image","twitter_misc":{"Dur\u00e9e de lecture estim\u00e9e":"1 minute"},"schema":{"@context":"https:\/\/schema.org","@graph":[{"@type":"WebPage","@id":"https:\/\/lafabbricadelpanforte.sviluppo.host\/fr\/prodotto\/panforte-i-g-p-noir\/","url":"https:\/\/lafabbricadelpanforte.sviluppo.host\/fr\/prodotto\/panforte-i-g-p-noir\/","name":"Panforte I.G.P. Noir - La Fabbrica del Panforte","isPartOf":{"@id":"https:\/\/lafabbricadelpanforte.sviluppo.host\/fr\/#website"},"primaryImageOfPage":{"@id":"https:\/\/lafabbricadelpanforte.sviluppo.host\/fr\/prodotto\/panforte-i-g-p-noir\/#primaryimage"},"image":{"@id":"https:\/\/lafabbricadelpanforte.sviluppo.host\/fr\/prodotto\/panforte-i-g-p-noir\/#primaryimage"},"thumbnailUrl":"https:\/\/lafabbricadelpanforte.sviluppo.host\/wp-content\/uploads\/2026\/06\/Panforte-Nero.jpg","datePublished":"2026-06-06T14:07:24+00:00","dateModified":"2026-08-27T10:42:00+00:00","breadcrumb":{"@id":"https:\/\/lafabbricadelpanforte.sviluppo.host\/fr\/prodotto\/panforte-i-g-p-noir\/#breadcrumb"},"inLanguage":"fr-FR","potentialAction":[{"@type":"ReadAction","target":["https:\/\/lafabbricadelpanforte.sviluppo.host\/fr\/prodotto\/panforte-i-g-p-noir\/"]}]},{"@type":"ImageObject","inLanguage":"fr-FR","@id":"https:\/\/lafabbricadelpanforte.sviluppo.host\/fr\/prodotto\/panforte-i-g-p-noir\/#primaryimage","url":"https:\/\/lafabbricadelpanforte.sviluppo.host\/wp-content\/uploads\/2026\/06\/Panforte-Nero.jpg","contentUrl":"https:\/\/lafabbricadelpanforte.sviluppo.host\/wp-content\/uploads\/2026\/06\/Panforte-Nero.jpg","width":2400,"height":1600},{"@type":"BreadcrumbList","@id":"https:\/\/lafabbricadelpanforte.sviluppo.host\/fr\/prodotto\/panforte-i-g-p-noir\/#breadcrumb","itemListElement":[{"@type":"ListItem","position":1,"name":"Home","item":"https:\/\/lafabbricadelpanforte.sviluppo.host\/fr\/la-fabrique-du-panforte\/"},{"@type":"ListItem","position":2,"name":"Boutique","item":"https:\/\/lafabbricadelpanforte.sviluppo.host\/fr\/boutique\/"},{"@type":"ListItem","position":3,"name":"Panforte I.G.P. Noir"}]},{"@type":"WebSite","@id":"https:\/\/lafabbricadelpanforte.sviluppo.host\/fr\/#website","url":"https:\/\/lafabbricadelpanforte.sviluppo.host\/fr\/","name":"La Fabbrica del Panforte","description":"Dolci tipici senesi","publisher":{"@id":"https:\/\/lafabbricadelpanforte.sviluppo.host\/fr\/#organization"},"potentialAction":[{"@type":"SearchAction","target":{"@type":"EntryPoint","urlTemplate":"https:\/\/lafabbricadelpanforte.sviluppo.host\/fr\/?s={search_term_string}"},"query-input":{"@type":"PropertyValueSpecification","valueRequired":true,"valueName":"search_term_string"}}],"inLanguage":"fr-FR"},{"@type":"Organization","@id":"https:\/\/lafabbricadelpanforte.sviluppo.host\/fr\/#organization","name":"La Fabbrica del Panforte","url":"https:\/\/lafabbricadelpanforte.sviluppo.host\/fr\/","logo":{"@type":"ImageObject","inLanguage":"fr-FR","@id":"https:\/\/lafabbricadelpanforte.sviluppo.host\/fr\/#\/schema\/logo\/image\/","url":"https:\/\/lafabbricadelpanforte.sviluppo.host\/wp-content\/uploads\/2026\/06\/logo_laFabbricadelPanforte.webp","contentUrl":"https:\/\/lafabbricadelpanforte.sviluppo.host\/wp-content\/uploads\/2026\/06\/logo_laFabbricadelPanforte.webp","width":2560,"height":1949,"caption":"La Fabbrica del Panforte"},"image":{"@id":"https:\/\/lafabbricadelpanforte.sviluppo.host\/fr\/#\/schema\/logo\/image\/"}}]}},"_links":{"self":[{"href":"https:\/\/lafabbricadelpanforte.sviluppo.host\/fr\/wp-json\/wp\/v2\/product\/4705","targetHints":{"allow":["GET"]}}],"collection":[{"href":"https:\/\/lafabbricadelpanforte.sviluppo.host\/fr\/wp-json\/wp\/v2\/product"}],"about":[{"href":"https:\/\/lafabbricadelpanforte.sviluppo.host\/fr\/wp-json\/wp\/v2\/types\/product"}],"version-history":[{"count":1,"href":"https:\/\/lafabbricadelpanforte.sviluppo.host\/fr\/wp-json\/wp\/v2\/product\/4705\/revisions"}],"predecessor-version":[{"id":4982,"href":"https:\/\/lafabbricadelpanforte.sviluppo.host\/fr\/wp-json\/wp\/v2\/product\/4705\/revisions\/4982"}],"wp:featuredmedia":[{"embeddable":true,"href":"https:\/\/lafabbricadelpanforte.sviluppo.host\/fr\/wp-json\/wp\/v2\/media\/4401"}],"wp:attachment":[{"href":"https:\/\/lafabbricadelpanforte.sviluppo.host\/fr\/wp-json\/wp\/v2\/media?parent=4705"}],"wp:term":[{"taxonomy":"product_brand","embeddable":true,"href":"https:\/\/lafabbricadelpanforte.sviluppo.host\/fr\/wp-json\/wp\/v2\/product_brand?post=4705"},{"taxonomy":"product_cat","embeddable":true,"href":"https:\/\/lafabbricadelpanforte.sviluppo.host\/fr\/wp-json\/wp\/v2\/product_cat?post=4705"},{"taxonomy":"product_tag","embeddable":true,"href":"https:\/\/lafabbricadelpanforte.sviluppo.host\/fr\/wp-json\/wp\/v2\/product_tag?post=4705"}],"curies":[{"name":"wp","href":"https:\/\/api.w.org\/{rel}","templated":true}]}}