{"id":4867,"date":"2020-09-01T14:39:08","date_gmt":"2020-09-01T12:39:08","guid":{"rendered":"https:\/\/lafabbricadelpanforte.sviluppo.host\/prodotto\/amaretti-moelleux-au-cafe\/"},"modified":"2026-08-27T10:45:22","modified_gmt":"2026-08-27T10:45:22","slug":"amaretti-moelleux-au-cafe","status":"publish","type":"product","link":"https:\/\/lafabbricadelpanforte.sviluppo.host\/fr\/prodotto\/amaretti-moelleux-au-cafe\/","title":{"rendered":"Amaretti moelleux au caf\u00e9"},"content":{"rendered":"<p>D\u00e9couvrez ou red\u00e9couvrez les Amaretti au caf\u00e9 sans gluten : des petits g\u00e2teaux moelleux issus d&rsquo;une fabrication artisanale \u00e0 partir de mati\u00e8res premi\u00e8res d&rsquo;excellente qualit\u00e9. Notamment des amandes d&rsquo;origine italienne. L&rsquo;absence de gluten fait de ce produit un choix appr\u00e9ci\u00e9 tant par les personnes intol\u00e9rantes au gluten que par les personnes atteintes de la maladie c\u0153liaque.  <\/p>\n","protected":false},"excerpt":{"rendered":"<p>D\u00e9couvrez ou red\u00e9couvrez les Amaretti au caf\u00e9 sans gluten : de d\u00e9licats petits g\u00e2teaux issus d&rsquo;une fabrication artisanale \u00e0 partir de mati\u00e8res premi\u00e8res d&rsquo;excellente qualit\u00e9. Au premier rang desquelles figurent les amandes d&rsquo;origine italienne. L&rsquo;absence de gluten fait de ce produit un choix appr\u00e9ci\u00e9 notamment par les personnes intol\u00e9rantes au gluten et les personnes atteintes de la maladie c\u0153liaque.  <\/p>\n","protected":false},"featured_media":4565,"template":"","meta":{"_acf_changed":false},"product_brand":[],"product_cat":[191,176],"product_tag":[192,193],"class_list":["post-4867","product","type-product","status-publish","has-post-thumbnail","product_cat-les-amaretti","product_cat-sans-gluten","product_tag-les-delices-de-la-fabrique-du-panforte","product_tag-sans-gluten-2","first","instock","taxable","shipping-taxable","purchasable","product-type-simple"],"acf":[],"yoast_head":"<!-- This site is optimized with the Yoast SEO plugin v28.0 - https:\/\/yoast.com\/product\/yoast-seo-wordpress\/ -->\n<title>Amaretti moelleux au caf\u00e9 - La Fabbrica del Panforte<\/title>\n<meta name=\"robots\" content=\"index, follow, max-snippet:-1, max-image-preview:large, max-video-preview:-1\" \/>\n<link rel=\"canonical\" href=\"https:\/\/lafabbricadelpanforte.sviluppo.host\/fr\/prodotto\/amaretti-moelleux-au-cafe\/\" \/>\n<meta property=\"og:locale\" content=\"fr_FR\" \/>\n<meta property=\"og:type\" content=\"article\" \/>\n<meta property=\"og:title\" content=\"Amaretti moelleux au caf\u00e9 - La Fabbrica del Panforte\" \/>\n<meta property=\"og:description\" content=\"D\u00e9couvrez ou red\u00e9couvrez les Amaretti au caf\u00e9 sans gluten : de d\u00e9licats petits g\u00e2teaux issus d&#039;une fabrication artisanale \u00e0 partir de mati\u00e8res premi\u00e8res d&#039;excellente qualit\u00e9. Au premier rang desquelles figurent les amandes d&#039;origine italienne. L&#039;absence de gluten fait de ce produit un choix appr\u00e9ci\u00e9 notamment par les personnes intol\u00e9rantes au gluten et les personnes atteintes de la maladie c\u0153liaque.\" \/>\n<meta property=\"og:url\" content=\"https:\/\/lafabbricadelpanforte.sviluppo.host\/fr\/prodotto\/amaretti-moelleux-au-cafe\/\" \/>\n<meta property=\"og:site_name\" content=\"La Fabbrica del Panforte\" \/>\n<meta property=\"article:modified_time\" content=\"2026-08-27T10:45:22+00:00\" \/>\n<meta property=\"og:image\" content=\"https:\/\/lafabbricadelpanforte.sviluppo.host\/wp-content\/uploads\/2023\/07\/Amaretti-caffe.jpg\" \/>\n\t<meta property=\"og:image:width\" content=\"1000\" \/>\n\t<meta property=\"og:image:height\" content=\"655\" \/>\n\t<meta property=\"og:image:type\" content=\"image\/jpeg\" \/>\n<meta name=\"twitter:card\" content=\"summary_large_image\" \/>\n<script type=\"application\/ld+json\" class=\"yoast-schema-graph\">{\"@context\":\"https:\\\/\\\/schema.org\",\"@graph\":[{\"@type\":\"WebPage\",\"@id\":\"https:\\\/\\\/lafabbricadelpanforte.sviluppo.host\\\/fr\\\/prodotto\\\/amaretti-moelleux-au-cafe\\\/\",\"url\":\"https:\\\/\\\/lafabbricadelpanforte.sviluppo.host\\\/fr\\\/prodotto\\\/amaretti-moelleux-au-cafe\\\/\",\"name\":\"Amaretti moelleux au caf\u00e9 - La Fabbrica del Panforte\",\"isPartOf\":{\"@id\":\"https:\\\/\\\/lafabbricadelpanforte.sviluppo.host\\\/fr\\\/#website\"},\"primaryImageOfPage\":{\"@id\":\"https:\\\/\\\/lafabbricadelpanforte.sviluppo.host\\\/fr\\\/prodotto\\\/amaretti-moelleux-au-cafe\\\/#primaryimage\"},\"image\":{\"@id\":\"https:\\\/\\\/lafabbricadelpanforte.sviluppo.host\\\/fr\\\/prodotto\\\/amaretti-moelleux-au-cafe\\\/#primaryimage\"},\"thumbnailUrl\":\"https:\\\/\\\/lafabbricadelpanforte.sviluppo.host\\\/wp-content\\\/uploads\\\/2023\\\/07\\\/Amaretti-caffe.jpg\",\"datePublished\":\"2020-09-01T12:39:08+00:00\",\"dateModified\":\"2026-08-27T10:45:22+00:00\",\"breadcrumb\":{\"@id\":\"https:\\\/\\\/lafabbricadelpanforte.sviluppo.host\\\/fr\\\/prodotto\\\/amaretti-moelleux-au-cafe\\\/#breadcrumb\"},\"inLanguage\":\"fr-FR\",\"potentialAction\":[{\"@type\":\"ReadAction\",\"target\":[\"https:\\\/\\\/lafabbricadelpanforte.sviluppo.host\\\/fr\\\/prodotto\\\/amaretti-moelleux-au-cafe\\\/\"]}]},{\"@type\":\"ImageObject\",\"inLanguage\":\"fr-FR\",\"@id\":\"https:\\\/\\\/lafabbricadelpanforte.sviluppo.host\\\/fr\\\/prodotto\\\/amaretti-moelleux-au-cafe\\\/#primaryimage\",\"url\":\"https:\\\/\\\/lafabbricadelpanforte.sviluppo.host\\\/wp-content\\\/uploads\\\/2023\\\/07\\\/Amaretti-caffe.jpg\",\"contentUrl\":\"https:\\\/\\\/lafabbricadelpanforte.sviluppo.host\\\/wp-content\\\/uploads\\\/2023\\\/07\\\/Amaretti-caffe.jpg\",\"width\":1000,\"height\":655},{\"@type\":\"BreadcrumbList\",\"@id\":\"https:\\\/\\\/lafabbricadelpanforte.sviluppo.host\\\/fr\\\/prodotto\\\/amaretti-moelleux-au-cafe\\\/#breadcrumb\",\"itemListElement\":[{\"@type\":\"ListItem\",\"position\":1,\"name\":\"Home\",\"item\":\"https:\\\/\\\/lafabbricadelpanforte.sviluppo.host\\\/fr\\\/la-fabrique-du-panforte\\\/\"},{\"@type\":\"ListItem\",\"position\":2,\"name\":\"Boutique\",\"item\":\"https:\\\/\\\/lafabbricadelpanforte.sviluppo.host\\\/fr\\\/boutique\\\/\"},{\"@type\":\"ListItem\",\"position\":3,\"name\":\"Amaretti moelleux au caf\u00e9\"}]},{\"@type\":\"WebSite\",\"@id\":\"https:\\\/\\\/lafabbricadelpanforte.sviluppo.host\\\/fr\\\/#website\",\"url\":\"https:\\\/\\\/lafabbricadelpanforte.sviluppo.host\\\/fr\\\/\",\"name\":\"La Fabbrica del Panforte\",\"description\":\"Dolci tipici senesi\",\"publisher\":{\"@id\":\"https:\\\/\\\/lafabbricadelpanforte.sviluppo.host\\\/fr\\\/#organization\"},\"potentialAction\":[{\"@type\":\"SearchAction\",\"target\":{\"@type\":\"EntryPoint\",\"urlTemplate\":\"https:\\\/\\\/lafabbricadelpanforte.sviluppo.host\\\/fr\\\/?s={search_term_string}\"},\"query-input\":{\"@type\":\"PropertyValueSpecification\",\"valueRequired\":true,\"valueName\":\"search_term_string\"}}],\"inLanguage\":\"fr-FR\"},{\"@type\":\"Organization\",\"@id\":\"https:\\\/\\\/lafabbricadelpanforte.sviluppo.host\\\/fr\\\/#organization\",\"name\":\"La Fabbrica del Panforte\",\"url\":\"https:\\\/\\\/lafabbricadelpanforte.sviluppo.host\\\/fr\\\/\",\"logo\":{\"@type\":\"ImageObject\",\"inLanguage\":\"fr-FR\",\"@id\":\"https:\\\/\\\/lafabbricadelpanforte.sviluppo.host\\\/fr\\\/#\\\/schema\\\/logo\\\/image\\\/\",\"url\":\"https:\\\/\\\/lafabbricadelpanforte.sviluppo.host\\\/wp-content\\\/uploads\\\/2026\\\/06\\\/logo_laFabbricadelPanforte.webp\",\"contentUrl\":\"https:\\\/\\\/lafabbricadelpanforte.sviluppo.host\\\/wp-content\\\/uploads\\\/2026\\\/06\\\/logo_laFabbricadelPanforte.webp\",\"width\":2560,\"height\":1949,\"caption\":\"La Fabbrica del Panforte\"},\"image\":{\"@id\":\"https:\\\/\\\/lafabbricadelpanforte.sviluppo.host\\\/fr\\\/#\\\/schema\\\/logo\\\/image\\\/\"}}]}<\/script>\n<!-- \/ Yoast SEO plugin. -->","yoast_head_json":{"title":"Amaretti moelleux au caf\u00e9 - La Fabbrica del Panforte","robots":{"index":"index","follow":"follow","max-snippet":"max-snippet:-1","max-image-preview":"max-image-preview:large","max-video-preview":"max-video-preview:-1"},"canonical":"https:\/\/lafabbricadelpanforte.sviluppo.host\/fr\/prodotto\/amaretti-moelleux-au-cafe\/","og_locale":"fr_FR","og_type":"article","og_title":"Amaretti moelleux au caf\u00e9 - La Fabbrica del Panforte","og_description":"D\u00e9couvrez ou red\u00e9couvrez les Amaretti au caf\u00e9 sans gluten : de d\u00e9licats petits g\u00e2teaux issus d'une fabrication artisanale \u00e0 partir de mati\u00e8res premi\u00e8res d'excellente qualit\u00e9. Au premier rang desquelles figurent les amandes d'origine italienne. L'absence de gluten fait de ce produit un choix appr\u00e9ci\u00e9 notamment par les personnes intol\u00e9rantes au gluten et les personnes atteintes de la maladie c\u0153liaque.","og_url":"https:\/\/lafabbricadelpanforte.sviluppo.host\/fr\/prodotto\/amaretti-moelleux-au-cafe\/","og_site_name":"La Fabbrica del Panforte","article_modified_time":"2026-08-27T10:45:22+00:00","og_image":[{"width":1000,"height":655,"url":"https:\/\/lafabbricadelpanforte.sviluppo.host\/wp-content\/uploads\/2023\/07\/Amaretti-caffe.jpg","type":"image\/jpeg"}],"twitter_card":"summary_large_image","schema":{"@context":"https:\/\/schema.org","@graph":[{"@type":"WebPage","@id":"https:\/\/lafabbricadelpanforte.sviluppo.host\/fr\/prodotto\/amaretti-moelleux-au-cafe\/","url":"https:\/\/lafabbricadelpanforte.sviluppo.host\/fr\/prodotto\/amaretti-moelleux-au-cafe\/","name":"Amaretti moelleux au caf\u00e9 - La Fabbrica del Panforte","isPartOf":{"@id":"https:\/\/lafabbricadelpanforte.sviluppo.host\/fr\/#website"},"primaryImageOfPage":{"@id":"https:\/\/lafabbricadelpanforte.sviluppo.host\/fr\/prodotto\/amaretti-moelleux-au-cafe\/#primaryimage"},"image":{"@id":"https:\/\/lafabbricadelpanforte.sviluppo.host\/fr\/prodotto\/amaretti-moelleux-au-cafe\/#primaryimage"},"thumbnailUrl":"https:\/\/lafabbricadelpanforte.sviluppo.host\/wp-content\/uploads\/2023\/07\/Amaretti-caffe.jpg","datePublished":"2020-09-01T12:39:08+00:00","dateModified":"2026-08-27T10:45:22+00:00","breadcrumb":{"@id":"https:\/\/lafabbricadelpanforte.sviluppo.host\/fr\/prodotto\/amaretti-moelleux-au-cafe\/#breadcrumb"},"inLanguage":"fr-FR","potentialAction":[{"@type":"ReadAction","target":["https:\/\/lafabbricadelpanforte.sviluppo.host\/fr\/prodotto\/amaretti-moelleux-au-cafe\/"]}]},{"@type":"ImageObject","inLanguage":"fr-FR","@id":"https:\/\/lafabbricadelpanforte.sviluppo.host\/fr\/prodotto\/amaretti-moelleux-au-cafe\/#primaryimage","url":"https:\/\/lafabbricadelpanforte.sviluppo.host\/wp-content\/uploads\/2023\/07\/Amaretti-caffe.jpg","contentUrl":"https:\/\/lafabbricadelpanforte.sviluppo.host\/wp-content\/uploads\/2023\/07\/Amaretti-caffe.jpg","width":1000,"height":655},{"@type":"BreadcrumbList","@id":"https:\/\/lafabbricadelpanforte.sviluppo.host\/fr\/prodotto\/amaretti-moelleux-au-cafe\/#breadcrumb","itemListElement":[{"@type":"ListItem","position":1,"name":"Home","item":"https:\/\/lafabbricadelpanforte.sviluppo.host\/fr\/la-fabrique-du-panforte\/"},{"@type":"ListItem","position":2,"name":"Boutique","item":"https:\/\/lafabbricadelpanforte.sviluppo.host\/fr\/boutique\/"},{"@type":"ListItem","position":3,"name":"Amaretti moelleux au caf\u00e9"}]},{"@type":"WebSite","@id":"https:\/\/lafabbricadelpanforte.sviluppo.host\/fr\/#website","url":"https:\/\/lafabbricadelpanforte.sviluppo.host\/fr\/","name":"La Fabbrica del Panforte","description":"Dolci tipici senesi","publisher":{"@id":"https:\/\/lafabbricadelpanforte.sviluppo.host\/fr\/#organization"},"potentialAction":[{"@type":"SearchAction","target":{"@type":"EntryPoint","urlTemplate":"https:\/\/lafabbricadelpanforte.sviluppo.host\/fr\/?s={search_term_string}"},"query-input":{"@type":"PropertyValueSpecification","valueRequired":true,"valueName":"search_term_string"}}],"inLanguage":"fr-FR"},{"@type":"Organization","@id":"https:\/\/lafabbricadelpanforte.sviluppo.host\/fr\/#organization","name":"La Fabbrica del Panforte","url":"https:\/\/lafabbricadelpanforte.sviluppo.host\/fr\/","logo":{"@type":"ImageObject","inLanguage":"fr-FR","@id":"https:\/\/lafabbricadelpanforte.sviluppo.host\/fr\/#\/schema\/logo\/image\/","url":"https:\/\/lafabbricadelpanforte.sviluppo.host\/wp-content\/uploads\/2026\/06\/logo_laFabbricadelPanforte.webp","contentUrl":"https:\/\/lafabbricadelpanforte.sviluppo.host\/wp-content\/uploads\/2026\/06\/logo_laFabbricadelPanforte.webp","width":2560,"height":1949,"caption":"La Fabbrica del Panforte"},"image":{"@id":"https:\/\/lafabbricadelpanforte.sviluppo.host\/fr\/#\/schema\/logo\/image\/"}}]}},"_links":{"self":[{"href":"https:\/\/lafabbricadelpanforte.sviluppo.host\/fr\/wp-json\/wp\/v2\/product\/4867","targetHints":{"allow":["GET"]}}],"collection":[{"href":"https:\/\/lafabbricadelpanforte.sviluppo.host\/fr\/wp-json\/wp\/v2\/product"}],"about":[{"href":"https:\/\/lafabbricadelpanforte.sviluppo.host\/fr\/wp-json\/wp\/v2\/types\/product"}],"version-history":[{"count":1,"href":"https:\/\/lafabbricadelpanforte.sviluppo.host\/fr\/wp-json\/wp\/v2\/product\/4867\/revisions"}],"predecessor-version":[{"id":5022,"href":"https:\/\/lafabbricadelpanforte.sviluppo.host\/fr\/wp-json\/wp\/v2\/product\/4867\/revisions\/5022"}],"wp:featuredmedia":[{"embeddable":true,"href":"https:\/\/lafabbricadelpanforte.sviluppo.host\/fr\/wp-json\/wp\/v2\/media\/4565"}],"wp:attachment":[{"href":"https:\/\/lafabbricadelpanforte.sviluppo.host\/fr\/wp-json\/wp\/v2\/media?parent=4867"}],"wp:term":[{"taxonomy":"product_brand","embeddable":true,"href":"https:\/\/lafabbricadelpanforte.sviluppo.host\/fr\/wp-json\/wp\/v2\/product_brand?post=4867"},{"taxonomy":"product_cat","embeddable":true,"href":"https:\/\/lafabbricadelpanforte.sviluppo.host\/fr\/wp-json\/wp\/v2\/product_cat?post=4867"},{"taxonomy":"product_tag","embeddable":true,"href":"https:\/\/lafabbricadelpanforte.sviluppo.host\/fr\/wp-json\/wp\/v2\/product_tag?post=4867"}],"curies":[{"name":"wp","href":"https:\/\/api.w.org\/{rel}","templated":true}]}}