{"id":4882,"date":"2020-09-01T14:32:10","date_gmt":"2020-09-01T12:32:10","guid":{"rendered":"https:\/\/lafabbricadelpanforte.sviluppo.host\/prodotto\/amaretti-moelleux-a-lorange\/"},"modified":"2026-08-27T10:40:48","modified_gmt":"2026-08-27T10:40:48","slug":"amaretti-moelleux-a-lorange","status":"publish","type":"product","link":"https:\/\/lafabbricadelpanforte.sviluppo.host\/fr\/prodotto\/amaretti-moelleux-a-lorange\/","title":{"rendered":"Amaretti moelleux \u00e0 l&rsquo;orange"},"content":{"rendered":"<p>D\u00e9couvrez ou red\u00e9couvrez les Amaretti \u00e0 l\u2019orange sans gluten : de d\u00e9licats petits g\u00e2teaux issus d\u2019une fabrication artisanale \u00e0 partir de mati\u00e8res premi\u00e8res d\u2019excellente qualit\u00e9. En premier lieu, les amandes d\u2019origine italienne. La saveur d\u2019orange est obtenue en utilisant ce que la nature met \u00e0 notre disposition : le miel des fleurs d\u2019oranger qui s\u2019\u00e9panouissent sur les pentes de l\u2019Etna et le zeste d\u2019oranges douces, elles aussi siciliennes, pr\u00e9par\u00e9es selon la m\u00e9thode traditionnelle de confisage en cuve. L\u2019absence de gluten fait de ce produit un choix appr\u00e9ci\u00e9 tant par les personnes intol\u00e9rantes au gluten que par les personnes atteintes de la maladie c\u0153liaque.   <\/p>\n","protected":false},"excerpt":{"rendered":"<p>D\u00e9couvrez ou red\u00e9couvrez les Amaretti \u00e0 l&rsquo;orange sans gluten : de tendres petits g\u00e2teaux issus d&rsquo;une fabrication artisanale \u00e0 partir de mati\u00e8res premi\u00e8res d&rsquo;excellente qualit\u00e9. Au premier rang desquelles figurent les amandes d&rsquo;origine italienne. La saveur d\u2019orange est obtenue en utilisant ce que la nature met \u00e0 notre disposition : le miel des fleurs d\u2019oranger qui s\u2019\u00e9panouissent sur les pentes de l\u2019Etna et le zeste d\u2019oranges douces, elles aussi siciliennes, confites selon la m\u00e9thode traditionnelle en cuve. L\u2019absence de gluten fait de ce produit un choix appr\u00e9ci\u00e9 tant par les personnes intol\u00e9rantes au gluten que par les personnes atteintes de la maladie c\u0153liaque.   <\/p>\n","protected":false},"featured_media":4563,"template":"","meta":{"_acf_changed":false},"product_brand":[],"product_cat":[191,176],"product_tag":[192],"class_list":["post-4882","product","type-product","status-publish","has-post-thumbnail","product_cat-les-amaretti","product_cat-sans-gluten","product_tag-les-delices-de-la-fabrique-du-panforte","first","instock","taxable","shipping-taxable","purchasable","product-type-simple"],"acf":[],"yoast_head":"<!-- This site is optimized with the Yoast SEO plugin v28.0 - https:\/\/yoast.com\/product\/yoast-seo-wordpress\/ -->\n<title>Amaretti moelleux \u00e0 l&#039;orange - La Fabbrica del Panforte<\/title>\n<meta name=\"robots\" content=\"index, follow, max-snippet:-1, max-image-preview:large, max-video-preview:-1\" \/>\n<link rel=\"canonical\" href=\"https:\/\/lafabbricadelpanforte.sviluppo.host\/fr\/prodotto\/amaretti-moelleux-a-lorange\/\" \/>\n<meta property=\"og:locale\" content=\"fr_FR\" \/>\n<meta property=\"og:type\" content=\"article\" \/>\n<meta property=\"og:title\" content=\"Amaretti moelleux \u00e0 l&#039;orange - La Fabbrica del Panforte\" \/>\n<meta property=\"og:description\" content=\"D\u00e9couvrez ou red\u00e9couvrez les Amaretti \u00e0 l&#039;orange sans gluten : de tendres petits g\u00e2teaux issus d&#039;une fabrication artisanale \u00e0 partir de mati\u00e8res premi\u00e8res d&#039;excellente qualit\u00e9. Au premier rang desquelles figurent les amandes d&#039;origine italienne. La saveur d\u2019orange est obtenue en utilisant ce que la nature met \u00e0 notre disposition : le miel des fleurs d\u2019oranger qui s\u2019\u00e9panouissent sur les pentes de l\u2019Etna et le zeste d\u2019oranges douces, elles aussi siciliennes, confites selon la m\u00e9thode traditionnelle en cuve. L\u2019absence de gluten fait de ce produit un choix appr\u00e9ci\u00e9 tant par les personnes intol\u00e9rantes au gluten que par les personnes atteintes de la maladie c\u0153liaque.\" \/>\n<meta property=\"og:url\" content=\"https:\/\/lafabbricadelpanforte.sviluppo.host\/fr\/prodotto\/amaretti-moelleux-a-lorange\/\" \/>\n<meta property=\"og:site_name\" content=\"La Fabbrica del Panforte\" \/>\n<meta property=\"article:modified_time\" content=\"2026-08-27T10:40:48+00:00\" \/>\n<meta property=\"og:image\" content=\"https:\/\/lafabbricadelpanforte.sviluppo.host\/wp-content\/uploads\/2023\/07\/Amaretti-arancia.jpg\" \/>\n\t<meta property=\"og:image:width\" content=\"1000\" \/>\n\t<meta property=\"og:image:height\" content=\"655\" \/>\n\t<meta property=\"og:image:type\" content=\"image\/jpeg\" \/>\n<meta name=\"twitter:card\" content=\"summary_large_image\" \/>\n<meta name=\"twitter:label1\" content=\"Dur\u00e9e de lecture estim\u00e9e\" \/>\n\t<meta name=\"twitter:data1\" content=\"1 minute\" \/>\n<script type=\"application\/ld+json\" class=\"yoast-schema-graph\">{\"@context\":\"https:\\\/\\\/schema.org\",\"@graph\":[{\"@type\":\"WebPage\",\"@id\":\"https:\\\/\\\/lafabbricadelpanforte.sviluppo.host\\\/fr\\\/prodotto\\\/amaretti-moelleux-a-lorange\\\/\",\"url\":\"https:\\\/\\\/lafabbricadelpanforte.sviluppo.host\\\/fr\\\/prodotto\\\/amaretti-moelleux-a-lorange\\\/\",\"name\":\"Amaretti moelleux \u00e0 l'orange - La Fabbrica del Panforte\",\"isPartOf\":{\"@id\":\"https:\\\/\\\/lafabbricadelpanforte.sviluppo.host\\\/fr\\\/#website\"},\"primaryImageOfPage\":{\"@id\":\"https:\\\/\\\/lafabbricadelpanforte.sviluppo.host\\\/fr\\\/prodotto\\\/amaretti-moelleux-a-lorange\\\/#primaryimage\"},\"image\":{\"@id\":\"https:\\\/\\\/lafabbricadelpanforte.sviluppo.host\\\/fr\\\/prodotto\\\/amaretti-moelleux-a-lorange\\\/#primaryimage\"},\"thumbnailUrl\":\"https:\\\/\\\/lafabbricadelpanforte.sviluppo.host\\\/wp-content\\\/uploads\\\/2023\\\/07\\\/Amaretti-arancia.jpg\",\"datePublished\":\"2020-09-01T12:32:10+00:00\",\"dateModified\":\"2026-08-27T10:40:48+00:00\",\"breadcrumb\":{\"@id\":\"https:\\\/\\\/lafabbricadelpanforte.sviluppo.host\\\/fr\\\/prodotto\\\/amaretti-moelleux-a-lorange\\\/#breadcrumb\"},\"inLanguage\":\"fr-FR\",\"potentialAction\":[{\"@type\":\"ReadAction\",\"target\":[\"https:\\\/\\\/lafabbricadelpanforte.sviluppo.host\\\/fr\\\/prodotto\\\/amaretti-moelleux-a-lorange\\\/\"]}]},{\"@type\":\"ImageObject\",\"inLanguage\":\"fr-FR\",\"@id\":\"https:\\\/\\\/lafabbricadelpanforte.sviluppo.host\\\/fr\\\/prodotto\\\/amaretti-moelleux-a-lorange\\\/#primaryimage\",\"url\":\"https:\\\/\\\/lafabbricadelpanforte.sviluppo.host\\\/wp-content\\\/uploads\\\/2023\\\/07\\\/Amaretti-arancia.jpg\",\"contentUrl\":\"https:\\\/\\\/lafabbricadelpanforte.sviluppo.host\\\/wp-content\\\/uploads\\\/2023\\\/07\\\/Amaretti-arancia.jpg\",\"width\":1000,\"height\":655},{\"@type\":\"BreadcrumbList\",\"@id\":\"https:\\\/\\\/lafabbricadelpanforte.sviluppo.host\\\/fr\\\/prodotto\\\/amaretti-moelleux-a-lorange\\\/#breadcrumb\",\"itemListElement\":[{\"@type\":\"ListItem\",\"position\":1,\"name\":\"Home\",\"item\":\"https:\\\/\\\/lafabbricadelpanforte.sviluppo.host\\\/fr\\\/la-fabrique-du-panforte\\\/\"},{\"@type\":\"ListItem\",\"position\":2,\"name\":\"Boutique\",\"item\":\"https:\\\/\\\/lafabbricadelpanforte.sviluppo.host\\\/fr\\\/boutique\\\/\"},{\"@type\":\"ListItem\",\"position\":3,\"name\":\"Amaretti moelleux \u00e0 l&#8217;orange\"}]},{\"@type\":\"WebSite\",\"@id\":\"https:\\\/\\\/lafabbricadelpanforte.sviluppo.host\\\/fr\\\/#website\",\"url\":\"https:\\\/\\\/lafabbricadelpanforte.sviluppo.host\\\/fr\\\/\",\"name\":\"La Fabbrica del Panforte\",\"description\":\"Dolci tipici senesi\",\"publisher\":{\"@id\":\"https:\\\/\\\/lafabbricadelpanforte.sviluppo.host\\\/fr\\\/#organization\"},\"potentialAction\":[{\"@type\":\"SearchAction\",\"target\":{\"@type\":\"EntryPoint\",\"urlTemplate\":\"https:\\\/\\\/lafabbricadelpanforte.sviluppo.host\\\/fr\\\/?s={search_term_string}\"},\"query-input\":{\"@type\":\"PropertyValueSpecification\",\"valueRequired\":true,\"valueName\":\"search_term_string\"}}],\"inLanguage\":\"fr-FR\"},{\"@type\":\"Organization\",\"@id\":\"https:\\\/\\\/lafabbricadelpanforte.sviluppo.host\\\/fr\\\/#organization\",\"name\":\"La Fabbrica del Panforte\",\"url\":\"https:\\\/\\\/lafabbricadelpanforte.sviluppo.host\\\/fr\\\/\",\"logo\":{\"@type\":\"ImageObject\",\"inLanguage\":\"fr-FR\",\"@id\":\"https:\\\/\\\/lafabbricadelpanforte.sviluppo.host\\\/fr\\\/#\\\/schema\\\/logo\\\/image\\\/\",\"url\":\"https:\\\/\\\/lafabbricadelpanforte.sviluppo.host\\\/wp-content\\\/uploads\\\/2026\\\/06\\\/logo_laFabbricadelPanforte.webp\",\"contentUrl\":\"https:\\\/\\\/lafabbricadelpanforte.sviluppo.host\\\/wp-content\\\/uploads\\\/2026\\\/06\\\/logo_laFabbricadelPanforte.webp\",\"width\":2560,\"height\":1949,\"caption\":\"La Fabbrica del Panforte\"},\"image\":{\"@id\":\"https:\\\/\\\/lafabbricadelpanforte.sviluppo.host\\\/fr\\\/#\\\/schema\\\/logo\\\/image\\\/\"}}]}<\/script>\n<!-- \/ Yoast SEO plugin. -->","yoast_head_json":{"title":"Amaretti moelleux \u00e0 l'orange - La Fabbrica del Panforte","robots":{"index":"index","follow":"follow","max-snippet":"max-snippet:-1","max-image-preview":"max-image-preview:large","max-video-preview":"max-video-preview:-1"},"canonical":"https:\/\/lafabbricadelpanforte.sviluppo.host\/fr\/prodotto\/amaretti-moelleux-a-lorange\/","og_locale":"fr_FR","og_type":"article","og_title":"Amaretti moelleux \u00e0 l'orange - La Fabbrica del Panforte","og_description":"D\u00e9couvrez ou red\u00e9couvrez les Amaretti \u00e0 l'orange sans gluten : de tendres petits g\u00e2teaux issus d'une fabrication artisanale \u00e0 partir de mati\u00e8res premi\u00e8res d'excellente qualit\u00e9. Au premier rang desquelles figurent les amandes d'origine italienne. La saveur d\u2019orange est obtenue en utilisant ce que la nature met \u00e0 notre disposition : le miel des fleurs d\u2019oranger qui s\u2019\u00e9panouissent sur les pentes de l\u2019Etna et le zeste d\u2019oranges douces, elles aussi siciliennes, confites selon la m\u00e9thode traditionnelle en cuve. L\u2019absence de gluten fait de ce produit un choix appr\u00e9ci\u00e9 tant par les personnes intol\u00e9rantes au gluten que par les personnes atteintes de la maladie c\u0153liaque.","og_url":"https:\/\/lafabbricadelpanforte.sviluppo.host\/fr\/prodotto\/amaretti-moelleux-a-lorange\/","og_site_name":"La Fabbrica del Panforte","article_modified_time":"2026-08-27T10:40:48+00:00","og_image":[{"width":1000,"height":655,"url":"https:\/\/lafabbricadelpanforte.sviluppo.host\/wp-content\/uploads\/2023\/07\/Amaretti-arancia.jpg","type":"image\/jpeg"}],"twitter_card":"summary_large_image","twitter_misc":{"Dur\u00e9e de lecture estim\u00e9e":"1 minute"},"schema":{"@context":"https:\/\/schema.org","@graph":[{"@type":"WebPage","@id":"https:\/\/lafabbricadelpanforte.sviluppo.host\/fr\/prodotto\/amaretti-moelleux-a-lorange\/","url":"https:\/\/lafabbricadelpanforte.sviluppo.host\/fr\/prodotto\/amaretti-moelleux-a-lorange\/","name":"Amaretti moelleux \u00e0 l'orange - La Fabbrica del Panforte","isPartOf":{"@id":"https:\/\/lafabbricadelpanforte.sviluppo.host\/fr\/#website"},"primaryImageOfPage":{"@id":"https:\/\/lafabbricadelpanforte.sviluppo.host\/fr\/prodotto\/amaretti-moelleux-a-lorange\/#primaryimage"},"image":{"@id":"https:\/\/lafabbricadelpanforte.sviluppo.host\/fr\/prodotto\/amaretti-moelleux-a-lorange\/#primaryimage"},"thumbnailUrl":"https:\/\/lafabbricadelpanforte.sviluppo.host\/wp-content\/uploads\/2023\/07\/Amaretti-arancia.jpg","datePublished":"2020-09-01T12:32:10+00:00","dateModified":"2026-08-27T10:40:48+00:00","breadcrumb":{"@id":"https:\/\/lafabbricadelpanforte.sviluppo.host\/fr\/prodotto\/amaretti-moelleux-a-lorange\/#breadcrumb"},"inLanguage":"fr-FR","potentialAction":[{"@type":"ReadAction","target":["https:\/\/lafabbricadelpanforte.sviluppo.host\/fr\/prodotto\/amaretti-moelleux-a-lorange\/"]}]},{"@type":"ImageObject","inLanguage":"fr-FR","@id":"https:\/\/lafabbricadelpanforte.sviluppo.host\/fr\/prodotto\/amaretti-moelleux-a-lorange\/#primaryimage","url":"https:\/\/lafabbricadelpanforte.sviluppo.host\/wp-content\/uploads\/2023\/07\/Amaretti-arancia.jpg","contentUrl":"https:\/\/lafabbricadelpanforte.sviluppo.host\/wp-content\/uploads\/2023\/07\/Amaretti-arancia.jpg","width":1000,"height":655},{"@type":"BreadcrumbList","@id":"https:\/\/lafabbricadelpanforte.sviluppo.host\/fr\/prodotto\/amaretti-moelleux-a-lorange\/#breadcrumb","itemListElement":[{"@type":"ListItem","position":1,"name":"Home","item":"https:\/\/lafabbricadelpanforte.sviluppo.host\/fr\/la-fabrique-du-panforte\/"},{"@type":"ListItem","position":2,"name":"Boutique","item":"https:\/\/lafabbricadelpanforte.sviluppo.host\/fr\/boutique\/"},{"@type":"ListItem","position":3,"name":"Amaretti moelleux \u00e0 l&#8217;orange"}]},{"@type":"WebSite","@id":"https:\/\/lafabbricadelpanforte.sviluppo.host\/fr\/#website","url":"https:\/\/lafabbricadelpanforte.sviluppo.host\/fr\/","name":"La Fabbrica del Panforte","description":"Dolci tipici senesi","publisher":{"@id":"https:\/\/lafabbricadelpanforte.sviluppo.host\/fr\/#organization"},"potentialAction":[{"@type":"SearchAction","target":{"@type":"EntryPoint","urlTemplate":"https:\/\/lafabbricadelpanforte.sviluppo.host\/fr\/?s={search_term_string}"},"query-input":{"@type":"PropertyValueSpecification","valueRequired":true,"valueName":"search_term_string"}}],"inLanguage":"fr-FR"},{"@type":"Organization","@id":"https:\/\/lafabbricadelpanforte.sviluppo.host\/fr\/#organization","name":"La Fabbrica del Panforte","url":"https:\/\/lafabbricadelpanforte.sviluppo.host\/fr\/","logo":{"@type":"ImageObject","inLanguage":"fr-FR","@id":"https:\/\/lafabbricadelpanforte.sviluppo.host\/fr\/#\/schema\/logo\/image\/","url":"https:\/\/lafabbricadelpanforte.sviluppo.host\/wp-content\/uploads\/2026\/06\/logo_laFabbricadelPanforte.webp","contentUrl":"https:\/\/lafabbricadelpanforte.sviluppo.host\/wp-content\/uploads\/2026\/06\/logo_laFabbricadelPanforte.webp","width":2560,"height":1949,"caption":"La Fabbrica del Panforte"},"image":{"@id":"https:\/\/lafabbricadelpanforte.sviluppo.host\/fr\/#\/schema\/logo\/image\/"}}]}},"_links":{"self":[{"href":"https:\/\/lafabbricadelpanforte.sviluppo.host\/fr\/wp-json\/wp\/v2\/product\/4882","targetHints":{"allow":["GET"]}}],"collection":[{"href":"https:\/\/lafabbricadelpanforte.sviluppo.host\/fr\/wp-json\/wp\/v2\/product"}],"about":[{"href":"https:\/\/lafabbricadelpanforte.sviluppo.host\/fr\/wp-json\/wp\/v2\/types\/product"}],"version-history":[{"count":1,"href":"https:\/\/lafabbricadelpanforte.sviluppo.host\/fr\/wp-json\/wp\/v2\/product\/4882\/revisions"}],"predecessor-version":[{"id":4964,"href":"https:\/\/lafabbricadelpanforte.sviluppo.host\/fr\/wp-json\/wp\/v2\/product\/4882\/revisions\/4964"}],"wp:featuredmedia":[{"embeddable":true,"href":"https:\/\/lafabbricadelpanforte.sviluppo.host\/fr\/wp-json\/wp\/v2\/media\/4563"}],"wp:attachment":[{"href":"https:\/\/lafabbricadelpanforte.sviluppo.host\/fr\/wp-json\/wp\/v2\/media?parent=4882"}],"wp:term":[{"taxonomy":"product_brand","embeddable":true,"href":"https:\/\/lafabbricadelpanforte.sviluppo.host\/fr\/wp-json\/wp\/v2\/product_brand?post=4882"},{"taxonomy":"product_cat","embeddable":true,"href":"https:\/\/lafabbricadelpanforte.sviluppo.host\/fr\/wp-json\/wp\/v2\/product_cat?post=4882"},{"taxonomy":"product_tag","embeddable":true,"href":"https:\/\/lafabbricadelpanforte.sviluppo.host\/fr\/wp-json\/wp\/v2\/product_tag?post=4882"}],"curies":[{"name":"wp","href":"https:\/\/api.w.org\/{rel}","templated":true}]}}